{"id":29505,"date":"2022-07-17T19:59:22","date_gmt":"2022-07-17T17:59:22","guid":{"rendered":"https:\/\/diploma2022.ecolecamondo.fr\/memoire\/maria-camila-parra-cruz\/un-regard-tourne-vers-lavenir-du-marche\/"},"modified":"2022-10-07T21:00:08","modified_gmt":"2022-10-07T19:00:08","slug":"un-regard-tourne-vers-lavenir-du-marche","status":"publish","type":"dissertation","link":"https:\/\/diploma2022.ecolecamondo.fr\/en\/memoire\/maria-camila-parra-cruz\/un-regard-tourne-vers-lavenir-du-marche\/","title":{"rendered":"Considering the future of the market"},"content":{"rendered":"<article class=\"misc-separator bloc\">\n    <hr class=\"misc-separator__hr\">\n<\/article>\n\n\n\n<article class=\"text-paragraph bloc\"><div class=\"text-paragraph__content type-text\"><div class=\"text-paragraph__wrapper wrapper typo-scope\"><p class=\"text-paragraph__text p-paragraph style-center gut-hook-text\"><em>La grande majorit\u00e9 des march\u00e9s couverts de Paris est confront\u00e9e \u00e0 la n\u00e9cessit\u00e9 d\u2019\u00e9voluer progressivement et de s\u2019\u00e9loigner ainsi des infrastructures rustiques sous lesquelles ils ont \u00e9t\u00e9 con\u00e7us. Aujourd\u2019hui, il y a une invitation \u00e0 repenser leurs utilisations en fonction des nouveaux besoins de la communaut\u00e9.<\/em><\/p><\/div><\/div><\/article>\n\n\n<article class=\"misc-separator bloc\">\n    <hr class=\"misc-separator__hr\">\n<\/article>\n\n\n<article class=\"img-fullscreen bloc\">\n    <div class=\"img-fullscreen__content type-image\">\n        <a href=\"https:\/\/diploma2022.ecolecamondo.fr\/content\/uploads\/2022\/07\/img-1148.jpg\" class=\"img-fullscreen__wrapper type-block cursor-more no-cursor-simple function-lightbox\">\n            <img class=\"img-fullscreen__img img-responsive lazy\" data-src=\"https:\/\/diploma2022.ecolecamondo.fr\/content\/uploads\/2022\/07\/img-1148-1440x1092.jpg\" data-height=\"2000\" data-width=\"2638\" alt=\"\">\n        <\/a>\n    <\/div>\n    <\/article>\n\n\n<article class=\"media-pdf bloc\">\n    <div class=\"media-pdf__content type-pdf\">\n        <div class=\"media-pdf__container\">\n            <div class=\"_df_book\" height=\"500\" source=\"https:\/\/diploma2022.ecolecamondo.fr\/content\/uploads\/2022\/07\/memoire-maria-camila-parra-cruz_-2022_compressed.pdf\">\n                <div class=\"cursor\">\n    <div class=\"cursor__more\"><\/div>\n    <div class=\"cursor__zoom\"><\/div>\n    <div class=\"cursor__hexagon\">\n        <svg width=\"22\" height=\"22\" viewBox=\"0 0 22 22\" fill=\"none\" xmlns=\"http:\/\/www.w3.org\/2000\/svg\">\n        <path class=\"path-main\" d=\"M2.83975 6.28867L11 1.57735L19.1603 6.28867V15.7113L11 20.4227L2.83975 15.7113V6.28867Z\" fill=\"black\" stroke=\"black\"\/>\n        <path class=\"path-second\" d=\"M1.97372 5.78867L11 0.57735L20.0263 5.78867V16.2113L11 21.4227L1.97372 16.2113V5.78867Z\" stroke=\"white\"\/>\n        <\/svg>\n    <\/div>\n<\/div>\n            <\/div>\n        <\/div>\n    <\/div>\n<\/article>\n","protected":false},"author":59,"featured_media":28235,"template":"","meta":{"_acf_changed":false,"_metafield_presentation":"Paris\u2019 traditional markets are under increasing threat from factors such as their deterioration and age, changing consumer and purchasing habits, and the transforming urban context. There is an invitation to rethink how they are used according to the new needs of the community.Today, markets are bound for three immediate possible destinations: restoration, rehabilitation or conversion. If we want to ensure their long-term survival, which is the most sensible option?I invite readers to look to the past in order to understand the current context and the options for markets in the future.","_metafield_image_toggle":true,"_metafield_image_legend":"M. Michel SANDERSMarch\u00e9 Saint-Germain .Fromager. 40 ans install\u00e9 sur le march\u00e9.","_metafield_gallery":[]},"keywords":[23,30,31],"teachers_list_1":[12],"class_list":["post-29505","dissertation","type-dissertation","status-publish","has-post-thumbnail","hentry","keywords-espaces-publics","keywords-patrimoine","keywords-rehabilitation","teachers_list_1-flore-garcin-marrou"],"acf":[],"yoast_head":"<!-- This site is optimized with the Yoast SEO plugin v27.2 - https:\/\/yoast.com\/product\/yoast-seo-wordpress\/ -->\n<title>Considering the future of the market - Diploma Camondo \u00e9dition 2022<\/title>\n<meta name=\"robots\" content=\"index, follow, max-snippet:-1, max-image-preview:large, max-video-preview:-1\" \/>\n<link rel=\"canonical\" href=\"https:\/\/diploma2022.ecolecamondo.fr\/en\/memoire\/maria-camila-parra-cruz\/un-regard-tourne-vers-lavenir-du-marche\/\" \/>\n<meta property=\"og:locale\" content=\"en_US\" \/>\n<meta property=\"og:type\" content=\"article\" \/>\n<meta property=\"og:title\" content=\"Considering the future of the market - Diploma Camondo \u00e9dition 2022\" \/>\n<meta property=\"og:url\" content=\"https:\/\/diploma2022.ecolecamondo.fr\/en\/memoire\/maria-camila-parra-cruz\/un-regard-tourne-vers-lavenir-du-marche\/\" \/>\n<meta property=\"og:site_name\" content=\"Diploma Camondo \u00e9dition 2022\" \/>\n<meta property=\"article:modified_time\" content=\"2022-10-07T19:00:08+00:00\" \/>\n<meta property=\"og:image\" content=\"https:\/\/diploma2022.ecolecamondo.fr\/content\/uploads\/2022\/07\/untitled-23.jpg\" \/>\n\t<meta property=\"og:image:width\" content=\"1024\" \/>\n\t<meta property=\"og:image:height\" content=\"1024\" \/>\n\t<meta property=\"og:image:type\" content=\"image\/jpeg\" \/>\n<meta name=\"twitter:card\" content=\"summary_large_image\" \/>\n<script type=\"application\/ld+json\" class=\"yoast-schema-graph\">{\"@context\":\"https:\/\/schema.org\",\"@graph\":[{\"@type\":\"WebPage\",\"@id\":\"https:\/\/diploma2022.ecolecamondo.fr\/en\/memoire\/maria-camila-parra-cruz\/un-regard-tourne-vers-lavenir-du-marche\/\",\"url\":\"https:\/\/diploma2022.ecolecamondo.fr\/en\/memoire\/maria-camila-parra-cruz\/un-regard-tourne-vers-lavenir-du-marche\/\",\"name\":\"Considering the future of the market - Diploma Camondo \u00e9dition 2022\",\"isPartOf\":{\"@id\":\"https:\/\/diploma2022.ecolecamondo.fr\/en\/#website\"},\"primaryImageOfPage\":{\"@id\":\"https:\/\/diploma2022.ecolecamondo.fr\/en\/memoire\/maria-camila-parra-cruz\/un-regard-tourne-vers-lavenir-du-marche\/#primaryimage\"},\"image\":{\"@id\":\"https:\/\/diploma2022.ecolecamondo.fr\/en\/memoire\/maria-camila-parra-cruz\/un-regard-tourne-vers-lavenir-du-marche\/#primaryimage\"},\"thumbnailUrl\":\"https:\/\/diploma2022.ecolecamondo.fr\/content\/uploads\/2022\/07\/untitled-23.jpg\",\"datePublished\":\"2022-07-17T17:59:22+00:00\",\"dateModified\":\"2022-10-07T19:00:08+00:00\",\"breadcrumb\":{\"@id\":\"https:\/\/diploma2022.ecolecamondo.fr\/en\/memoire\/maria-camila-parra-cruz\/un-regard-tourne-vers-lavenir-du-marche\/#breadcrumb\"},\"inLanguage\":\"en-US\",\"potentialAction\":[{\"@type\":\"ReadAction\",\"target\":[\"https:\/\/diploma2022.ecolecamondo.fr\/en\/memoire\/maria-camila-parra-cruz\/un-regard-tourne-vers-lavenir-du-marche\/\"]}]},{\"@type\":\"ImageObject\",\"inLanguage\":\"en-US\",\"@id\":\"https:\/\/diploma2022.ecolecamondo.fr\/en\/memoire\/maria-camila-parra-cruz\/un-regard-tourne-vers-lavenir-du-marche\/#primaryimage\",\"url\":\"https:\/\/diploma2022.ecolecamondo.fr\/content\/uploads\/2022\/07\/untitled-23.jpg\",\"contentUrl\":\"https:\/\/diploma2022.ecolecamondo.fr\/content\/uploads\/2022\/07\/untitled-23.jpg\",\"width\":5000,\"height\":5000},{\"@type\":\"BreadcrumbList\",\"@id\":\"https:\/\/diploma2022.ecolecamondo.fr\/en\/memoire\/maria-camila-parra-cruz\/un-regard-tourne-vers-lavenir-du-marche\/#breadcrumb\",\"itemListElement\":[{\"@type\":\"ListItem\",\"position\":1,\"name\":\"Dissertation\",\"item\":\"https:\/\/diploma2022.ecolecamondo.fr\/en\/memoire\/%student%\/\"},{\"@type\":\"ListItem\",\"position\":2,\"name\":\"Considering the future of the market\"}]},{\"@type\":\"WebSite\",\"@id\":\"https:\/\/diploma2022.ecolecamondo.fr\/en\/#website\",\"url\":\"https:\/\/diploma2022.ecolecamondo.fr\/en\/\",\"name\":\"Diploma Camondo \u00e9dition 2022\",\"description\":\"Travaux des \u00e9tudiants de 5e ann\u00e9e de l&#039;\u00c9cole Camondo\",\"potentialAction\":[{\"@type\":\"SearchAction\",\"target\":{\"@type\":\"EntryPoint\",\"urlTemplate\":\"https:\/\/diploma2022.ecolecamondo.fr\/en\/?s={search_term_string}\"},\"query-input\":{\"@type\":\"PropertyValueSpecification\",\"valueRequired\":true,\"valueName\":\"search_term_string\"}}],\"inLanguage\":\"en-US\"}]}<\/script>\n<!-- \/ Yoast SEO plugin. -->","yoast_head_json":{"title":"Considering the future of the market - Diploma Camondo \u00e9dition 2022","robots":{"index":"index","follow":"follow","max-snippet":"max-snippet:-1","max-image-preview":"max-image-preview:large","max-video-preview":"max-video-preview:-1"},"canonical":"https:\/\/diploma2022.ecolecamondo.fr\/en\/memoire\/maria-camila-parra-cruz\/un-regard-tourne-vers-lavenir-du-marche\/","og_locale":"en_US","og_type":"article","og_title":"Considering the future of the market - Diploma Camondo \u00e9dition 2022","og_url":"https:\/\/diploma2022.ecolecamondo.fr\/en\/memoire\/maria-camila-parra-cruz\/un-regard-tourne-vers-lavenir-du-marche\/","og_site_name":"Diploma Camondo \u00e9dition 2022","article_modified_time":"2022-10-07T19:00:08+00:00","og_image":[{"url":"https:\/\/diploma2022.ecolecamondo.fr\/content\/uploads\/2022\/07\/untitled-23.jpg","width":1024,"height":1024,"type":"image\/jpeg"}],"twitter_card":"summary_large_image","schema":{"@context":"https:\/\/schema.org","@graph":[{"@type":"WebPage","@id":"https:\/\/diploma2022.ecolecamondo.fr\/en\/memoire\/maria-camila-parra-cruz\/un-regard-tourne-vers-lavenir-du-marche\/","url":"https:\/\/diploma2022.ecolecamondo.fr\/en\/memoire\/maria-camila-parra-cruz\/un-regard-tourne-vers-lavenir-du-marche\/","name":"Considering the future of the market - Diploma Camondo \u00e9dition 2022","isPartOf":{"@id":"https:\/\/diploma2022.ecolecamondo.fr\/en\/#website"},"primaryImageOfPage":{"@id":"https:\/\/diploma2022.ecolecamondo.fr\/en\/memoire\/maria-camila-parra-cruz\/un-regard-tourne-vers-lavenir-du-marche\/#primaryimage"},"image":{"@id":"https:\/\/diploma2022.ecolecamondo.fr\/en\/memoire\/maria-camila-parra-cruz\/un-regard-tourne-vers-lavenir-du-marche\/#primaryimage"},"thumbnailUrl":"https:\/\/diploma2022.ecolecamondo.fr\/content\/uploads\/2022\/07\/untitled-23.jpg","datePublished":"2022-07-17T17:59:22+00:00","dateModified":"2022-10-07T19:00:08+00:00","breadcrumb":{"@id":"https:\/\/diploma2022.ecolecamondo.fr\/en\/memoire\/maria-camila-parra-cruz\/un-regard-tourne-vers-lavenir-du-marche\/#breadcrumb"},"inLanguage":"en-US","potentialAction":[{"@type":"ReadAction","target":["https:\/\/diploma2022.ecolecamondo.fr\/en\/memoire\/maria-camila-parra-cruz\/un-regard-tourne-vers-lavenir-du-marche\/"]}]},{"@type":"ImageObject","inLanguage":"en-US","@id":"https:\/\/diploma2022.ecolecamondo.fr\/en\/memoire\/maria-camila-parra-cruz\/un-regard-tourne-vers-lavenir-du-marche\/#primaryimage","url":"https:\/\/diploma2022.ecolecamondo.fr\/content\/uploads\/2022\/07\/untitled-23.jpg","contentUrl":"https:\/\/diploma2022.ecolecamondo.fr\/content\/uploads\/2022\/07\/untitled-23.jpg","width":5000,"height":5000},{"@type":"BreadcrumbList","@id":"https:\/\/diploma2022.ecolecamondo.fr\/en\/memoire\/maria-camila-parra-cruz\/un-regard-tourne-vers-lavenir-du-marche\/#breadcrumb","itemListElement":[{"@type":"ListItem","position":1,"name":"Dissertation","item":"https:\/\/diploma2022.ecolecamondo.fr\/en\/memoire\/%student%\/"},{"@type":"ListItem","position":2,"name":"Considering the future of the market"}]},{"@type":"WebSite","@id":"https:\/\/diploma2022.ecolecamondo.fr\/en\/#website","url":"https:\/\/diploma2022.ecolecamondo.fr\/en\/","name":"Diploma Camondo \u00e9dition 2022","description":"Travaux des \u00e9tudiants de 5e ann\u00e9e de l&#039;\u00c9cole Camondo","potentialAction":[{"@type":"SearchAction","target":{"@type":"EntryPoint","urlTemplate":"https:\/\/diploma2022.ecolecamondo.fr\/en\/?s={search_term_string}"},"query-input":{"@type":"PropertyValueSpecification","valueRequired":true,"valueName":"search_term_string"}}],"inLanguage":"en-US"}]}},"_links":{"self":[{"href":"https:\/\/diploma2022.ecolecamondo.fr\/en\/wp-json\/wp\/v2\/dissertation\/29505","targetHints":{"allow":["GET"]}}],"collection":[{"href":"https:\/\/diploma2022.ecolecamondo.fr\/en\/wp-json\/wp\/v2\/dissertation"}],"about":[{"href":"https:\/\/diploma2022.ecolecamondo.fr\/en\/wp-json\/wp\/v2\/types\/dissertation"}],"author":[{"embeddable":true,"href":"https:\/\/diploma2022.ecolecamondo.fr\/en\/wp-json\/wp\/v2\/users\/59"}],"wp:featuredmedia":[{"embeddable":true,"href":"https:\/\/diploma2022.ecolecamondo.fr\/en\/wp-json\/wp\/v2\/media\/28235"}],"wp:attachment":[{"href":"https:\/\/diploma2022.ecolecamondo.fr\/en\/wp-json\/wp\/v2\/media?parent=29505"}],"wp:term":[{"taxonomy":"keywords","embeddable":true,"href":"https:\/\/diploma2022.ecolecamondo.fr\/en\/wp-json\/wp\/v2\/keywords?post=29505"},{"taxonomy":"teachers_list_1","embeddable":true,"href":"https:\/\/diploma2022.ecolecamondo.fr\/en\/wp-json\/wp\/v2\/teachers_list_1?post=29505"}],"curies":[{"name":"wp","href":"https:\/\/api.w.org\/{rel}","templated":true}]}}