{"id":29604,"date":"2022-07-17T11:34:47","date_gmt":"2022-07-17T09:34:47","guid":{"rendered":"https:\/\/diploma2022.ecolecamondo.fr\/sujet-libre\/victor-poirier-coutansais\/les-caloges-de-noirmoutier\/"},"modified":"2022-10-14T15:54:35","modified_gmt":"2022-10-14T13:54:35","slug":"les-caloges-de-noirmoutier","status":"publish","type":"subject-free","link":"https:\/\/diploma2022.ecolecamondo.fr\/en\/sujet-libre\/victor-poirier-coutansais\/les-caloges-de-noirmoutier\/","title":{"rendered":"The Caloges of Noirmoutier"},"content":{"rendered":"<article class=\"misc-separator bloc\">\n    <hr class=\"misc-separator__hr\">\n<\/article>\n\n\n\n<article class=\"text-paragraph bloc\"><div class=\"text-paragraph__content type-text\"><div class=\"text-paragraph__wrapper wrapper typo-scope\"><p class=\"text-paragraph__text p-paragraph style-center gut-hook-text\">Les Caloges de Noirmoutier proposent de poser un regard sur la r\u00e9habilitation comme solution aux probl\u00e8mes inh\u00e9rents \u00e0 l&#8217;\u00eele de Noirmoutier. Il envisage par l\u00e0 m\u00eame le d\u00e9veloppement d\u2019un tourisme singulier et sensible au c\u0153ur des marais salants.<\/p><\/div><\/div><\/article>\n\n\n<article class=\"misc-separator bloc\">\n    <hr class=\"misc-separator__hr\">\n<\/article>\n\n\n\n<article class=\"text-paragraph bloc\"><div class=\"text-paragraph__content type-text\"><div class=\"text-paragraph__wrapper wrapper typo-scope\"><p class=\"text-paragraph__text p-paragraph style-center gut-hook-text\">LE FOYER<\/p><\/div><\/div><\/article>\n\n\n<article class=\"misc-separator bloc\">\n    <hr class=\"misc-separator__hr\">\n<\/article>\n\n\n\n<article class=\"text-paragraph bloc\"><div class=\"text-paragraph__content type-text\"><div class=\"text-paragraph__wrapper wrapper typo-scope\"><p class=\"text-paragraph__text p-paragraph style-center gut-hook-text\">Au confins des marais salants, l\u2019ancienne maison des douanes devenue \u00e9cole de voile et maintenant Le Foyer est le seul b\u00e2timent imposant du site, il est un point de rep\u00e8re visible jusqu\u2019\u00e0 Noirmoutier-en-l\u2019\u00cele.<\/p><\/div><\/div><\/article>\n\n\n\n<article class=\"text-paragraph bloc\"><div class=\"text-paragraph__content type-text\"><div class=\"text-paragraph__wrapper wrapper typo-scope\"><p class=\"text-paragraph__text p-paragraph style-center gut-hook-text\">Prenant place dans l\u2019ancienne \u00e9cole de voile des Perles, les volumes g\u00e9n\u00e9reux du b\u00e2timent en font le lieu parfait pour un espace commun. Il est \u00e0 la fois lieu d\u2019accueil des visiteurs, espace commun et convivial o\u00f9 l\u2019on se retrouve pour discuter, partager ou manger, mais c&#8217;est aussi le lieu administratif du programme h\u00f4telier.<\/p><\/div><\/div><\/article>\n\n\n<article class=\"misc-separator bloc\">\n    <hr class=\"misc-separator__hr\">\n<\/article>\n\n\n<article class=\"img-fullscreen bloc\">\n    <div class=\"img-fullscreen__content type-image\">\n        <a href=\"https:\/\/diploma2022.ecolecamondo.fr\/content\/uploads\/2022\/07\/victor-poirier-coutansais_les-caloges_rdc-accueil.jpg\" class=\"img-fullscreen__wrapper type-block cursor-more no-cursor-simple function-lightbox\">\n            <img class=\"img-fullscreen__img img-responsive lazy\" data-src=\"https:\/\/diploma2022.ecolecamondo.fr\/content\/uploads\/2022\/07\/victor-poirier-coutansais_les-caloges_rdc-accueil-1440x1018.jpg\" data-height=\"1800\" data-width=\"2545\" alt=\"\">\n        <\/a>\n    <\/div>\n        <figcaption class=\"img-fullscreen__legend p-legend style-center typo-scope\">Victor Poirier Coutansais, Les Caloges de Noirmoutier, 2022, vue de l&#8217;accueil du foyer. <em>\u00a9 Victor Poirier Coutansais.<\/em>\n<\/figcaption>\n    <\/article>\n\n\n<article class=\"misc-separator bloc\">\n    <hr class=\"misc-separator__hr\">\n<\/article>\n\n\n\n<article class=\"text-paragraph bloc\"><div class=\"text-paragraph__content type-text\"><div class=\"text-paragraph__wrapper wrapper typo-scope\"><p class=\"text-paragraph__text p-paragraph style-center gut-hook-text\">Le travail effectu\u00e9 sur le b\u00e2timent consiste \u00e0 lui donner l\u2019aspect des vieilles maisons traditionnelles ou des fermes noirmoutrines. L\u2019accueil reprend les caract\u00e9ristiques des habitations rurales construites sur l\u2019\u00eele jusqu\u2019au 19e si\u00e8cle.<\/p><\/div><\/div><\/article>\n\n\n\n<article class=\"text-paragraph bloc\"><div class=\"text-paragraph__content type-text\"><div class=\"text-paragraph__wrapper wrapper typo-scope\"><p class=\"text-paragraph__text p-paragraph style-center gut-hook-text\">L\u2019espace est d\u00e9nu\u00e9 d\u2019artifices, il est simple. Seuls quelques meubles traditionnels viennent occuper l\u2019espace et invitent \u00e0 les utiliser. On s&#8217;assoit autour d&#8217;une immense table qui semble toujours avoir \u00e9t\u00e9 pr\u00e9sente et simplement d\u00e9poussi\u00e9r\u00e9e, que ce soit pour le check-in ou pour boire un verre avec les amis de s\u00e9jour.<\/p><\/div><\/div><\/article>\n\n\n<article class=\"misc-separator bloc\">\n    <hr class=\"misc-separator__hr\">\n<\/article>\n\n\n<article class=\"img-fullscreen bloc\">\n    <div class=\"img-fullscreen__content type-image\">\n        <a href=\"https:\/\/diploma2022.ecolecamondo.fr\/content\/uploads\/2022\/07\/victor-poirier-coutansais_les-caloges_r1-administration.jpg.jpg\" class=\"img-fullscreen__wrapper type-block cursor-more no-cursor-simple function-lightbox\">\n            <img class=\"img-fullscreen__img img-responsive lazy\" data-src=\"https:\/\/diploma2022.ecolecamondo.fr\/content\/uploads\/2022\/07\/victor-poirier-coutansais_les-caloges_r1-administration.jpg-1440x1018.jpg\" data-height=\"1800\" data-width=\"2545\" alt=\"\">\n        <\/a>\n    <\/div>\n        <figcaption class=\"img-fullscreen__legend p-legend style-center typo-scope\">Victor Poirier Coutansais, Les Caloges de Noirmoutier, 2022, vue de l&#8217;espace administratif du foyer. <em>\u00a9 Victor Poirier Coutansais.<\/em>\n<\/figcaption>\n    <\/article>\n\n\n<article class=\"img-fullscreen bloc\">\n    <div class=\"img-fullscreen__content type-image\">\n        <a href=\"https:\/\/diploma2022.ecolecamondo.fr\/content\/uploads\/2022\/07\/victor-poirier-coutansais_les-caloges_rdc-cinema.jpg\" class=\"img-fullscreen__wrapper type-block cursor-more no-cursor-simple function-lightbox\">\n            <img class=\"img-fullscreen__img img-responsive lazy\" data-src=\"https:\/\/diploma2022.ecolecamondo.fr\/content\/uploads\/2022\/07\/victor-poirier-coutansais_les-caloges_rdc-cinema-1440x1029.jpg\" data-height=\"1781\" data-width=\"2493\" alt=\"\">\n        <\/a>\n    <\/div>\n        <figcaption class=\"img-fullscreen__legend p-legend style-center typo-scope\">Victor Poirier Coutansais, Les Caloges de Noirmoutier, 2022, vue de la salle polyvalente du foyer. <em>\u00a9 Victor Poirier Coutansais.<\/em>\n<\/figcaption>\n    <\/article>\n\n\n<article class=\"misc-separator bloc\">\n    <hr class=\"misc-separator__hr\">\n<\/article>\n\n\n\n<article class=\"text-paragraph bloc\"><div class=\"text-paragraph__content type-text\"><div class=\"text-paragraph__wrapper wrapper typo-scope\"><p class=\"text-paragraph__text p-paragraph style-center gut-hook-text\">LES CALOGES<\/p><\/div><\/div><\/article>\n\n\n<article class=\"misc-separator bloc\">\n    <hr class=\"misc-separator__hr\">\n<\/article>\n\n\n\n<article class=\"text-paragraph bloc\"><div class=\"text-paragraph__content type-text\"><div class=\"text-paragraph__wrapper wrapper typo-scope\"><p class=\"text-paragraph__text p-paragraph style-center gut-hook-text\">Le programme h\u00f4telier s\u2019articule autour de cabanes autosuffisantes, passives et apaisantes, dis- pers\u00e9es dans le site. Pens\u00e9es pour cr\u00e9er un lien fort entre son occupant et son environnement, elles sont le lieu id\u00e9al pour se recentrer, retourner \u00e0 l\u2019essentiel, et retrouver un rapport simple et harmonieux entre l\u2019homme et la nature.<\/p><\/div><\/div><\/article>\n\n\n\n<article class=\"text-paragraph bloc\"><div class=\"text-paragraph__content type-text\"><div class=\"text-paragraph__wrapper wrapper typo-scope\"><p class=\"text-paragraph__text p-paragraph style-center gut-hook-text\">Dans ce lieu de retraite, seuls les \u00e9l\u00e9ments essentiels sont pr\u00e9sents. Chaque caloge devient alors un petit univers \u00e9l\u00e9mentaire simplifi\u00e9 fonctionnant en autonomie.<\/p><\/div><\/div><\/article>\n\n\n<article class=\"misc-separator bloc\">\n    <hr class=\"misc-separator__hr\">\n<\/article>\n\n\n<article class=\"img-fullscreen bloc\">\n    <div class=\"img-fullscreen__content type-image\">\n        <a href=\"https:\/\/diploma2022.ecolecamondo.fr\/content\/uploads\/2022\/07\/victor-poirier-coutansais_les-caloges_caloge-2-personnes_1.jpg\" class=\"img-fullscreen__wrapper type-block cursor-more no-cursor-simple function-lightbox\">\n            <img class=\"img-fullscreen__img img-responsive lazy\" data-src=\"https:\/\/diploma2022.ecolecamondo.fr\/content\/uploads\/2022\/07\/victor-poirier-coutansais_les-caloges_caloge-2-personnes_1-1018x1440.jpg\" data-height=\"2545\" data-width=\"1800\" alt=\"\">\n        <\/a>\n    <\/div>\n        <figcaption class=\"img-fullscreen__legend p-legend style-center typo-scope\">Victor Poirier Coutansais, Les Caloges de Noirmoutier, 2022, vue d&#8217;une caloge 2 personnes. <em>\u00a9 Victor Poirier Coutansais.<\/em>\n<\/figcaption>\n    <\/article>\n\n\n<article class=\"img-fullscreen bloc\">\n    <div class=\"img-fullscreen__content type-image\">\n        <a href=\"https:\/\/diploma2022.ecolecamondo.fr\/content\/uploads\/2022\/07\/victor-poirier-coutansais_les-caloges_caloge-2-personnes_2.jpg\" class=\"img-fullscreen__wrapper type-block cursor-more no-cursor-simple function-lightbox\">\n            <img class=\"img-fullscreen__img img-responsive lazy\" data-src=\"https:\/\/diploma2022.ecolecamondo.fr\/content\/uploads\/2022\/07\/victor-poirier-coutansais_les-caloges_caloge-2-personnes_2-1018x1440.jpg\" data-height=\"2545\" data-width=\"1800\" alt=\"\">\n        <\/a>\n    <\/div>\n        <figcaption class=\"img-fullscreen__legend p-legend style-center typo-scope\">Victor Poirier Coutansais, Les Caloges de Noirmoutier, 2022, vue d&#8217;une caloge 2 personnes. <em>\u00a9 Victor Poirier Coutansais.<\/em>\n<\/figcaption>\n    <\/article>\n\n\n<article class=\"img-fullscreen bloc\">\n    <div class=\"img-fullscreen__content type-image\">\n        <a href=\"https:\/\/diploma2022.ecolecamondo.fr\/content\/uploads\/2022\/07\/victor-poirier-coutansais_les-caloges-de-noirmoutier_plan-caloge-2-personnes_2022-3500x2475.jpg\" class=\"img-fullscreen__wrapper type-block cursor-more no-cursor-simple function-lightbox\">\n            <img class=\"img-fullscreen__img img-responsive lazy\" data-src=\"https:\/\/diploma2022.ecolecamondo.fr\/content\/uploads\/2022\/07\/victor-poirier-coutansais_les-caloges-de-noirmoutier_plan-caloge-2-personnes_2022-1440x1018.jpg\" data-height=\"3508\" data-width=\"4961\" alt=\"\">\n        <\/a>\n    <\/div>\n        <figcaption class=\"img-fullscreen__legend p-legend style-center typo-scope\">Victor Poirier Coutansais, Les Caloges de Noirmoutier, 2022, plan d&#8217;une caloge 2 personnes. <em>\u00a9 Victor Poirier Coutansais.<\/em>\n<\/figcaption>\n    <\/article>\n\n\n<article class=\"misc-separator bloc\">\n    <hr class=\"misc-separator__hr\">\n<\/article>\n\n\n\n<article class=\"text-paragraph bloc\"><div class=\"text-paragraph__content type-text\"><div class=\"text-paragraph__wrapper wrapper typo-scope\"><p class=\"text-paragraph__text p-paragraph style-center gut-hook-text\">L\u2019am\u00e9nagement s\u2019articule autour d&#8217;un volume \u00e9vid\u00e9. Une sorte de forme irr\u00e9guli\u00e8re dessin\u00e9e \u00e0 main lev\u00e9e puis extrud\u00e9e. Il devient le point nodal de l\u2019habitation et permet de d\u00e9velopper un univers de m\u00e9ditation central \u00e9vid\u00e9 faisant r\u00e9f\u00e9rence au pass\u00e9 monastique de l\u2019\u00eele.<\/p><\/div><\/div><\/article>\n\n\n\n<article class=\"text-paragraph bloc\"><div class=\"text-paragraph__content type-text\"><div class=\"text-paragraph__wrapper wrapper typo-scope\"><p class=\"text-paragraph__text p-paragraph style-center gut-hook-text\">Lorsqu&#8217;on p\u00e9n\u00e8tre dans ce volume, on est immerg\u00e9 dans une atmosph\u00e8re duveteuse et \u00e9pur\u00e9e. La suppression des angles permet \u00e0 la lumi\u00e8re de se r\u00e9pandre de mani\u00e8re douce dans l\u2019ensemble de l\u2019espace central. Le d\u00e9nuement de la g\u00e9om\u00e9trie cache en p\u00e9riph\u00e9rie l\u2019ensemble des fonctions.<\/p><\/div><\/div><\/article>\n\n\n<article class=\"misc-separator bloc\">\n    <hr class=\"misc-separator__hr\">\n<\/article>\n\n\n<article class=\"img-fullscreen bloc\">\n    <div class=\"img-fullscreen__content type-image\">\n        <a href=\"https:\/\/diploma2022.ecolecamondo.fr\/content\/uploads\/2022\/07\/victor-poirier-coutansais_les-caloges_caloge-2-personnes_4.jpg\" class=\"img-fullscreen__wrapper type-block cursor-more no-cursor-simple function-lightbox\">\n            <img class=\"img-fullscreen__img img-responsive lazy\" data-src=\"https:\/\/diploma2022.ecolecamondo.fr\/content\/uploads\/2022\/07\/victor-poirier-coutansais_les-caloges_caloge-2-personnes_4-1018x1440.jpg\" data-height=\"2545\" data-width=\"1800\" alt=\"\">\n        <\/a>\n    <\/div>\n        <figcaption class=\"img-fullscreen__legend p-legend style-center typo-scope\">Victor Poirier Coutansais, Les Caloges de Noirmoutier, 2022, vue d&#8217;une caloge 2 personnes. <em>\u00a9 Victor Poirier Coutansais.<\/em>\n<\/figcaption>\n    <\/article>\n\n\n<article class=\"img-fullscreen bloc\">\n    <div class=\"img-fullscreen__content type-image\">\n        <a href=\"https:\/\/diploma2022.ecolecamondo.fr\/content\/uploads\/2022\/07\/victor-poirier-coutansais_les-caloges-de-noirmoutier_elevation-dune-caloge-6-personnes_2022-3500x2475.jpg\" class=\"img-fullscreen__wrapper type-block cursor-more no-cursor-simple function-lightbox\">\n            <img class=\"img-fullscreen__img img-responsive lazy\" data-src=\"https:\/\/diploma2022.ecolecamondo.fr\/content\/uploads\/2022\/07\/victor-poirier-coutansais_les-caloges-de-noirmoutier_elevation-dune-caloge-6-personnes_2022-1440x1018.jpg\" data-height=\"3508\" data-width=\"4961\" alt=\"\">\n        <\/a>\n    <\/div>\n        <figcaption class=\"img-fullscreen__legend p-legend style-center typo-scope\">Victor Poirier Coutansais, Les Caloges de Noirmoutier, 2022, \u00e9l\u00e9vation d&#8217;une caloge 6 personnes. <em>\u00a9 Victor Poirier Coutansais.<\/em>\n<\/figcaption>\n    <\/article>\n\n\n<article class=\"misc-separator bloc\">\n    <hr class=\"misc-separator__hr\">\n<\/article>\n\n\n\n<article class=\"text-paragraph bloc\"><div class=\"text-paragraph__content type-text\"><div class=\"text-paragraph__wrapper wrapper typo-scope\"><p class=\"text-paragraph__text p-paragraph style-center gut-hook-text\">Au centre, le sol pr\u00e9sente une bosse \u00e9nigmatique qui emprunte sa forme aux mulons de sels si caract\u00e9ristiques des marais salants. Ce dispositif rend le sol praticable et permet de garder l\u2019espace libre de tout mobilier.<\/p><\/div><\/div><\/article>\n\n\n\n<article class=\"text-paragraph bloc\"><div class=\"text-paragraph__content type-text\"><div class=\"text-paragraph__wrapper wrapper typo-scope\"><p class=\"text-paragraph__text p-paragraph style-center gut-hook-text\">L&#8217;exp\u00e9rience d\u00e9velopp\u00e9e est en \u00e9troit lien avec la m\u00e9ditation. Dans le myst\u00e8re de cette g\u00e9om\u00e9trie, les sens sont perturb\u00e9s, puis, par un jeu d&#8217;effleurement, de pression et de pivot, la g\u00e9om\u00e9trie se met en marche et d\u00e9voile ses secrets.<\/p><\/div><\/div><\/article>\n\n\n<article class=\"misc-separator bloc\">\n    <hr class=\"misc-separator__hr\">\n<\/article>\n\n\n<article class=\"img-fullscreen bloc\">\n    <div class=\"img-fullscreen__content type-image\">\n        <a href=\"https:\/\/diploma2022.ecolecamondo.fr\/content\/uploads\/2022\/07\/victor-poirier-coutansais_les-caloges_caloge-4-personnes_2.jpg\" class=\"img-fullscreen__wrapper type-block cursor-more no-cursor-simple function-lightbox\">\n            <img class=\"img-fullscreen__img img-responsive lazy\" data-src=\"https:\/\/diploma2022.ecolecamondo.fr\/content\/uploads\/2022\/07\/victor-poirier-coutansais_les-caloges_caloge-4-personnes_2-1018x1440.jpg\" data-height=\"2545\" data-width=\"1800\" alt=\"\">\n        <\/a>\n    <\/div>\n        <figcaption class=\"img-fullscreen__legend p-legend style-center typo-scope\">Victor Poirier Coutansais, Les Caloges de Noirmoutier, 2022, vue d&#8217;une caloge 4 personnes. <em>\u00a9 Victor Poirier Coutansais.<\/em>\n<\/figcaption>\n    <\/article>\n\n\n<article class=\"img-fullscreen bloc\">\n    <div class=\"img-fullscreen__content type-image\">\n        <a href=\"https:\/\/diploma2022.ecolecamondo.fr\/content\/uploads\/2022\/07\/victor-poirier-coutansais_les-caloges_caloge-6-personnes_1.jpg\" class=\"img-fullscreen__wrapper type-block cursor-more no-cursor-simple function-lightbox\">\n            <img class=\"img-fullscreen__img img-responsive lazy\" data-src=\"https:\/\/diploma2022.ecolecamondo.fr\/content\/uploads\/2022\/07\/victor-poirier-coutansais_les-caloges_caloge-6-personnes_1-1440x1018.jpg\" data-height=\"1800\" data-width=\"2545\" alt=\"\">\n        <\/a>\n    <\/div>\n        <figcaption class=\"img-fullscreen__legend p-legend style-center typo-scope\">Victor Poirier Coutansais, Les Caloges de Noirmoutier, 2022, vue d&#8217;une caloge 4 personnes. <em>\u00a9 Victor Poirier Coutansais.<\/em>\n<\/figcaption>\n    <\/article>\n\n\n<article class=\"img-fullscreen bloc\">\n    <div class=\"img-fullscreen__content type-image\">\n        <a href=\"https:\/\/diploma2022.ecolecamondo.fr\/content\/uploads\/2022\/07\/victor-poirier-coutansais_les-caloges-de-noirmoutier_elevation-dune-caloge-4-personnes_2022-3500x2475.jpg\" class=\"img-fullscreen__wrapper type-block cursor-more no-cursor-simple function-lightbox\">\n            <img class=\"img-fullscreen__img img-responsive lazy\" data-src=\"https:\/\/diploma2022.ecolecamondo.fr\/content\/uploads\/2022\/07\/victor-poirier-coutansais_les-caloges-de-noirmoutier_elevation-dune-caloge-4-personnes_2022-1440x1018.jpg\" data-height=\"3508\" data-width=\"4961\" alt=\"\">\n        <\/a>\n    <\/div>\n        <figcaption class=\"img-fullscreen__legend p-legend style-center typo-scope\">Victor Poirier Coutansais, Les Caloges de Noirmoutier, 2022, \u00e9l\u00e9vation d&#8217;une caloge 4 personnes. <em>\u00a9 Victor Poirier Coutansais.<\/em>\n<\/figcaption>\n    <\/article>\n\n\n<article class=\"img-fullscreen bloc\">\n    <div class=\"img-fullscreen__content type-image\">\n        <a href=\"https:\/\/diploma2022.ecolecamondo.fr\/content\/uploads\/2022\/07\/victor-poirier-coutansais_les-caloges_caloge-4-personnes_1.jpg\" class=\"img-fullscreen__wrapper type-block cursor-more no-cursor-simple function-lightbox\">\n            <img class=\"img-fullscreen__img img-responsive lazy\" data-src=\"https:\/\/diploma2022.ecolecamondo.fr\/content\/uploads\/2022\/07\/victor-poirier-coutansais_les-caloges_caloge-4-personnes_1-1018x1440.jpg\" data-height=\"2545\" data-width=\"1800\" alt=\"\">\n        <\/a>\n    <\/div>\n        <figcaption class=\"img-fullscreen__legend p-legend style-center typo-scope\">Victor Poirier Coutansais, Les Caloges de Noirmoutier, 2022, vue d&#8217;une caloge 4 personnes. <em>\u00a9 Victor Poirier Coutansais.<\/em>\n<\/figcaption>\n    <\/article>\n\n\n<article class=\"img-fullscreen bloc\">\n    <div class=\"img-fullscreen__content type-image\">\n        <a href=\"https:\/\/diploma2022.ecolecamondo.fr\/content\/uploads\/2022\/07\/victor-poirier-coutansais_les-caloges_caloge-2-personnes_3.jpg\" class=\"img-fullscreen__wrapper type-block cursor-more no-cursor-simple function-lightbox\">\n            <img class=\"img-fullscreen__img img-responsive lazy\" data-src=\"https:\/\/diploma2022.ecolecamondo.fr\/content\/uploads\/2022\/07\/victor-poirier-coutansais_les-caloges_caloge-2-personnes_3-1018x1440.jpg\" data-height=\"2545\" data-width=\"1800\" alt=\"\">\n        <\/a>\n    <\/div>\n        <figcaption class=\"img-fullscreen__legend p-legend style-center typo-scope\">Victor Poirier Coutansais, Les Caloges de Noirmoutier, 2022, vue d&#8217;une caloge 2 personnes. <em>\u00a9 Victor Poirier Coutansais.<\/em>\n<\/figcaption>\n    <\/article>\n\n\n<article class=\"img-fullscreen bloc\">\n    <div class=\"img-fullscreen__content type-image\">\n        <a href=\"https:\/\/diploma2022.ecolecamondo.fr\/content\/uploads\/2022\/07\/victor-poirier-coutansais_les-caloges-de-noirmoutier_plan-dune-caloge-6-personnes_2022-3500x2475.jpg\" class=\"img-fullscreen__wrapper type-block cursor-more no-cursor-simple function-lightbox\">\n            <img class=\"img-fullscreen__img img-responsive lazy\" data-src=\"https:\/\/diploma2022.ecolecamondo.fr\/content\/uploads\/2022\/07\/victor-poirier-coutansais_les-caloges-de-noirmoutier_plan-dune-caloge-6-personnes_2022-1440x1018.jpg\" data-height=\"3508\" data-width=\"4961\" alt=\"\">\n        <\/a>\n    <\/div>\n        <figcaption class=\"img-fullscreen__legend p-legend style-center typo-scope\">Victor Poirier Coutansais, Les Caloges de Noirmoutier, 2022, plan d&#8217;une caloge 6 personnes. <em>\u00a9 Victor Poirier Coutansais.<\/em>\n<\/figcaption>\n    <\/article>\n\n\n<article class=\"misc-separator bloc\">\n    <hr class=\"misc-separator__hr\">\n<\/article>\n\n\n\n<article class=\"text-paragraph bloc\"><div class=\"text-paragraph__content type-text\"><div class=\"text-paragraph__wrapper wrapper typo-scope\"><p class=\"text-paragraph__text p-paragraph style-center gut-hook-text\">LA PROMENADE<\/p><\/div><\/div><\/article>\n\n\n<article class=\"misc-separator bloc\">\n    <hr class=\"misc-separator__hr\">\n<\/article>\n\n\n\n<article class=\"text-paragraph bloc\"><div class=\"text-paragraph__content type-text\"><div class=\"text-paragraph__wrapper wrapper typo-scope\"><p class=\"text-paragraph__text p-paragraph style-center gut-hook-text\">Le projet propose \u00e9galement une promenade \u00e0 travers le site dans lequel il s&#8217;implante, il invite les visiteurs \u00e0 contempler et interagir avec les diff\u00e9rents paysages : les \u0153illets, les \u00e9tiers, l&#8217;activit\u00e9 humaine, le p\u00e2turage. Du vent dans les bosquets aux changements du ciel, le projet se dessine avec le paysage dans lequel il s\u2019int\u00e8gre.<\/p><\/div><\/div><\/article>\n\n\n<article class=\"misc-separator bloc\">\n    <hr class=\"misc-separator__hr\">\n<\/article>\n\n\n<article class=\"img-fullscreen bloc\">\n    <div class=\"img-fullscreen__content type-image\">\n        <a href=\"https:\/\/diploma2022.ecolecamondo.fr\/content\/uploads\/2022\/07\/victor-poirier-coutansais_les-caloges-de-noirmoutier_la-promenade-3500x2625.jpg\" class=\"img-fullscreen__wrapper type-block cursor-more no-cursor-simple function-lightbox\">\n            <img class=\"img-fullscreen__img img-responsive lazy\" data-src=\"https:\/\/diploma2022.ecolecamondo.fr\/content\/uploads\/2022\/07\/victor-poirier-coutansais_les-caloges-de-noirmoutier_la-promenade-1440x1080.jpg\" data-height=\"3456\" data-width=\"4608\" alt=\"\">\n        <\/a>\n    <\/div>\n        <figcaption class=\"img-fullscreen__legend p-legend style-center typo-scope\">Victor Poirier Coutansais, Les Caloges de Noirmoutier, 2022, vue d&#8217;un am\u00e9nagement de la promenade. <em>\u00a9 Victor Poirier Coutansais.<\/em>\n<\/figcaption>\n    <\/article>\n\n\n<article class=\"misc-separator bloc\">\n    <hr class=\"misc-separator__hr\">\n<\/article>\n\n\n\n<article class=\"text-paragraph bloc\"><div class=\"text-paragraph__content type-text\"><div class=\"text-paragraph__wrapper wrapper typo-scope\"><p class=\"text-paragraph__text p-paragraph style-center gut-hook-text\">Il n\u2019est pas ici question de proposer un am\u00e9nagement impactant le paysage ou for\u00e7ant l\u2019action des passeurs, mais plut\u00f4t de d\u00e9velopper une intervention discr\u00e8te pouvant leur servir d\u2019interface afin d\u2019\u00e9tablir un rapport plus sensible et respectueux envers le site.<\/p><\/div><\/div><\/article>\n\n\n\n<article class=\"text-paragraph bloc\"><div class=\"text-paragraph__content type-text\"><div class=\"text-paragraph__wrapper wrapper typo-scope\"><p class=\"text-paragraph__text p-paragraph style-center gut-hook-text\">Une intervention bas\u00e9e sur la r\u00e9utilisation de choses trouv\u00e9es comme des pierres pr\u00e9sentes sur l\u2019\u00eele et qui semblerait toujours avoir \u00e9t\u00e9 pr\u00e9sente.<\/p><\/div><\/div><\/article>\n\n\n<article class=\"misc-separator bloc\">\n    <hr class=\"misc-separator__hr\">\n<\/article>\n\n\n<article class=\"img-fullscreen bloc\">\n    <div class=\"img-fullscreen__content type-image\">\n        <a href=\"https:\/\/diploma2022.ecolecamondo.fr\/content\/uploads\/2022\/07\/victor-poirier-coutansais_les-caloges-de-noirmoutier_elevation-dun-alignement-de-pierres_2022-3500x2475.jpg\" class=\"img-fullscreen__wrapper type-block cursor-more no-cursor-simple function-lightbox\">\n            <img class=\"img-fullscreen__img img-responsive lazy\" data-src=\"https:\/\/diploma2022.ecolecamondo.fr\/content\/uploads\/2022\/07\/victor-poirier-coutansais_les-caloges-de-noirmoutier_elevation-dun-alignement-de-pierres_2022-1440x1018.jpg\" data-height=\"3508\" data-width=\"4961\" alt=\"\">\n        <\/a>\n    <\/div>\n        <figcaption class=\"img-fullscreen__legend p-legend style-center typo-scope\">Victor Poirier Coutansais, Les Caloges de Noirmoutier, 2022, \u00e9l\u00e9vation d&#8217;un alignement de pierres. <em>\u00a9 Victor Poirier Coutansais.<\/em>\n<\/figcaption>\n    <\/article>\n\n\n<article class=\"img-fullscreen bloc\">\n    <div class=\"img-fullscreen__content type-image\">\n        <a href=\"https:\/\/diploma2022.ecolecamondo.fr\/content\/uploads\/2022\/07\/victor-poirier-coutansais_les-caloges-de-noirmoutier_la-promenande-1.jpg\" class=\"img-fullscreen__wrapper type-block cursor-more no-cursor-simple function-lightbox\">\n            <img class=\"img-fullscreen__img img-responsive lazy\" data-src=\"https:\/\/diploma2022.ecolecamondo.fr\/content\/uploads\/2022\/07\/victor-poirier-coutansais_les-caloges-de-noirmoutier_la-promenande-1-1080x1440.jpg\" data-height=\"2048\" data-width=\"1536\" alt=\"\">\n        <\/a>\n    <\/div>\n        <figcaption class=\"img-fullscreen__legend p-legend style-center typo-scope\">Victor Poirier Coutansais, Les Caloges de Noirmoutier, 2022, photographie du site. <em>\u00a9 Victor Poirier Coutansais.<\/em>\n<\/figcaption>\n    <\/article>\n\n\n<article class=\"img-fullscreen bloc\">\n    <div class=\"img-fullscreen__content type-image\">\n        <a href=\"https:\/\/diploma2022.ecolecamondo.fr\/content\/uploads\/2022\/07\/victor-poirier-coutansais_les-caloges-de-noirmoutier_la-promenande-3-2625x3500.jpg\" class=\"img-fullscreen__wrapper type-block cursor-more no-cursor-simple function-lightbox\">\n            <img class=\"img-fullscreen__img img-responsive lazy\" data-src=\"https:\/\/diploma2022.ecolecamondo.fr\/content\/uploads\/2022\/07\/victor-poirier-coutansais_les-caloges-de-noirmoutier_la-promenande-3-1080x1440.jpg\" data-height=\"4608\" data-width=\"3456\" alt=\"\">\n        <\/a>\n    <\/div>\n        <figcaption class=\"img-fullscreen__legend p-legend style-center typo-scope\">Victor Poirier Coutansais, Les Caloges de Noirmoutier, 2022, photographie du site. <em>\u00a9 Victor Poirier Coutansais.<\/em>\n<\/figcaption>\n    <\/article>\n\n\n<article class=\"img-fullscreen bloc\">\n    <div class=\"img-fullscreen__content type-image\">\n        <a href=\"https:\/\/diploma2022.ecolecamondo.fr\/content\/uploads\/2022\/07\/victor-poirier-coutansais_les-caloges-de-noirmoutier_la-promenande-7-2625x3500.jpg\" class=\"img-fullscreen__wrapper type-block cursor-more no-cursor-simple function-lightbox\">\n            <img class=\"img-fullscreen__img img-responsive lazy\" data-src=\"https:\/\/diploma2022.ecolecamondo.fr\/content\/uploads\/2022\/07\/victor-poirier-coutansais_les-caloges-de-noirmoutier_la-promenande-7-1080x1440.jpg\" data-height=\"4608\" data-width=\"3456\" alt=\"\">\n        <\/a>\n    <\/div>\n        <figcaption class=\"img-fullscreen__legend p-legend style-center typo-scope\">Victor Poirier Coutansais, Les Caloges de Noirmoutier, 2022, photographie du site. <em>\u00a9 Victor Poirier Coutansais.<\/em>\n<\/figcaption>\n    <\/article>\n\n\n<article class=\"img-fullscreen bloc\">\n    <div class=\"img-fullscreen__content type-image\">\n        <a href=\"https:\/\/diploma2022.ecolecamondo.fr\/content\/uploads\/2022\/07\/victor-poirier-coutansais_les-caloges-de-noirmoutier_plan-dun-seuil_2022.jpg-3500x2475.jpg\" class=\"img-fullscreen__wrapper type-block cursor-more no-cursor-simple function-lightbox\">\n            <img class=\"img-fullscreen__img img-responsive lazy\" data-src=\"https:\/\/diploma2022.ecolecamondo.fr\/content\/uploads\/2022\/07\/victor-poirier-coutansais_les-caloges-de-noirmoutier_plan-dun-seuil_2022.jpg-1440x1018.jpg\" data-height=\"3508\" data-width=\"4961\" alt=\"\">\n        <\/a>\n    <\/div>\n        <figcaption class=\"img-fullscreen__legend p-legend style-center typo-scope\">Victor Poirier Coutansais, Les Caloges de Noirmoutier, 2022, plan d&#8217;un seuil. <em>\u00a9 Victor Poirier Coutansais.<\/em>\n<\/figcaption>\n    <\/article>\n\n\n<article class=\"img-fullscreen bloc\">\n    <div class=\"img-fullscreen__content type-image\">\n        <a href=\"https:\/\/diploma2022.ecolecamondo.fr\/content\/uploads\/2022\/07\/victor-poirier-coutansais_les-caloges-de-noirmoutier_la-promenande-5-2625x3500.jpg\" class=\"img-fullscreen__wrapper type-block cursor-more no-cursor-simple function-lightbox\">\n            <img class=\"img-fullscreen__img img-responsive lazy\" data-src=\"https:\/\/diploma2022.ecolecamondo.fr\/content\/uploads\/2022\/07\/victor-poirier-coutansais_les-caloges-de-noirmoutier_la-promenande-5-1080x1440.jpg\" data-height=\"4608\" data-width=\"3456\" alt=\"\">\n        <\/a>\n    <\/div>\n        <figcaption class=\"img-fullscreen__legend p-legend style-center typo-scope\">Victor Poirier Coutansais, Les Caloges de Noirmoutier, 2022, photographie du site. <em>\u00a9 Victor Poirier Coutansais.<\/em>\n<\/figcaption>\n    <\/article>\n\n\n<article class=\"misc-separator bloc\">\n    <hr class=\"misc-separator__hr\">\n<\/article>\n\n\n\n<article class=\"text-paragraph bloc\"><div class=\"text-paragraph__content type-text\"><div class=\"text-paragraph__wrapper wrapper typo-scope\"><p class=\"text-paragraph__text p-paragraph style-center gut-hook-text\">De prime abord, on peut consid\u00e9rer que le public ne se sentira pas concern\u00e9, mais l\u2019exp\u00e9rience de la d\u00e9couverte, du toucher ; d\u2019une rencontre sensible en quelque sorte ; Interpellera le visiteur. C\u2019est sur cette notion de d\u00e9couverte que s&#8217;articule la promenade.<\/p><\/div><\/div><\/article>\n\n\n\n<article class=\"text-paragraph bloc\"><div class=\"text-paragraph__content type-text\"><div class=\"text-paragraph__wrapper wrapper typo-scope\"><p class=\"text-paragraph__text p-paragraph style-center gut-hook-text\">L\u2019am\u00e9nagement adopte une esth\u00e9tique faisant r\u00e9f\u00e9rence au pass\u00e9 de l\u2019\u00eele. Plus particuli\u00e8rement aux dolmens m\u00e9galithiques ou encore aux pierres \u00e0 cupules et aux esseppes pr\u00e9sents sur l&#8217;\u00eele de Noirmoutier. Cet am\u00e9nagement passif permet, par sa simplicit\u00e9, une pluralit\u00e9 d&#8217;utilisation sugg\u00e9rant une perception du paysage plus sensible.<\/p><\/div><\/div><\/article>\n\n\n\n<article class=\"text-paragraph bloc\"><div class=\"text-paragraph__content type-text\"><div class=\"text-paragraph__wrapper wrapper typo-scope\"><p class=\"text-paragraph__text p-paragraph style-center gut-hook-text\">\u00c0 la mani\u00e8re d\u2019un jeu enfantin, on d\u00e9cide ou non de partir \u00e0 la recherche des am\u00e9nagements, ne sachant pas r\u00e9ellement si nous allons finalement en trouver.<\/p><\/div><\/div><\/article>\n\n\n<article class=\"misc-separator bloc\">\n    <hr class=\"misc-separator__hr\">\n<\/article>\n\n\n<article class=\"img-fullscreen bloc\">\n    <div class=\"img-fullscreen__content type-image\">\n        <a href=\"https:\/\/diploma2022.ecolecamondo.fr\/content\/uploads\/2022\/07\/victor-poirier-coutansais_les-caloges-de-noirmoutier_la-promenande-2.jpg\" class=\"img-fullscreen__wrapper type-block cursor-more no-cursor-simple function-lightbox\">\n            <img class=\"img-fullscreen__img img-responsive lazy\" data-src=\"https:\/\/diploma2022.ecolecamondo.fr\/content\/uploads\/2022\/07\/victor-poirier-coutansais_les-caloges-de-noirmoutier_la-promenande-2-1440x1029.jpg\" data-height=\"2250\" data-width=\"3150\" alt=\"\">\n        <\/a>\n    <\/div>\n        <figcaption class=\"img-fullscreen__legend p-legend style-center typo-scope\">Victor Poirier Coutansais, Les Caloges de Noirmoutier, 2022, photographie a\u00e9rienne du site. <em>\u00a9 Victor Poirier Coutansais.<\/em>\n<\/figcaption>\n    <\/article>\n\n\n<article class=\"img-fullscreen bloc\">\n    <div class=\"img-fullscreen__content type-image\">\n        <a href=\"https:\/\/diploma2022.ecolecamondo.fr\/content\/uploads\/2022\/07\/victor-poirier-coutansais_les-caloges-de-noirmoutier_la-promenande-4-2625x3500.jpg\" class=\"img-fullscreen__wrapper type-block cursor-more no-cursor-simple function-lightbox\">\n            <img class=\"img-fullscreen__img img-responsive lazy\" data-src=\"https:\/\/diploma2022.ecolecamondo.fr\/content\/uploads\/2022\/07\/victor-poirier-coutansais_les-caloges-de-noirmoutier_la-promenande-4-1080x1440.jpg\" data-height=\"4608\" data-width=\"3456\" alt=\"\">\n        <\/a>\n    <\/div>\n        <figcaption class=\"img-fullscreen__legend p-legend style-center typo-scope\">Victor Poirier Coutansais, Les Caloges de Noirmoutier, 2022, photographie du site. <em>\u00a9 Victor Poirier Coutansais.<\/em>\n<\/figcaption>\n    <\/article>\n\n\n<article class=\"img-fullscreen bloc\">\n    <div class=\"img-fullscreen__content type-image\">\n        <a href=\"https:\/\/diploma2022.ecolecamondo.fr\/content\/uploads\/2022\/07\/victor-poirier-coutansais_les-caloges-de-noirmoutier_elevation-dune-pierre-miroir_2022.jpg-3500x2475.jpg\" class=\"img-fullscreen__wrapper type-block cursor-more no-cursor-simple function-lightbox\">\n            <img class=\"img-fullscreen__img img-responsive lazy\" data-src=\"https:\/\/diploma2022.ecolecamondo.fr\/content\/uploads\/2022\/07\/victor-poirier-coutansais_les-caloges-de-noirmoutier_elevation-dune-pierre-miroir_2022.jpg-1440x1018.jpg\" data-height=\"3508\" data-width=\"4961\" alt=\"\">\n        <\/a>\n    <\/div>\n        <figcaption class=\"img-fullscreen__legend p-legend style-center typo-scope\">Victor Poirier Coutansais, Les Caloges de Noirmoutier, 2022, \u00e9l\u00e9vation d&#8217;une pierre miroir. <em>\u00a9 Victor Poirier Coutansais.<\/em>\n<\/figcaption>\n    <\/article>\n\n\n<article class=\"img-fullscreen bloc\">\n    <div class=\"img-fullscreen__content type-image\">\n        <a href=\"https:\/\/diploma2022.ecolecamondo.fr\/content\/uploads\/2022\/07\/victor-poirier-coutansais_les-caloges-de-noirmoutier_la-promenande-6-3500x2625.jpg\" class=\"img-fullscreen__wrapper type-block cursor-more no-cursor-simple function-lightbox\">\n            <img class=\"img-fullscreen__img img-responsive lazy\" data-src=\"https:\/\/diploma2022.ecolecamondo.fr\/content\/uploads\/2022\/07\/victor-poirier-coutansais_les-caloges-de-noirmoutier_la-promenande-6-1440x1080.jpg\" data-height=\"3456\" data-width=\"4608\" alt=\"\">\n        <\/a>\n    <\/div>\n        <figcaption class=\"img-fullscreen__legend p-legend style-center typo-scope\">Victor Poirier Coutansais, Les Caloges de Noirmoutier, 2022, photographie du site. <em>\u00a9 Victor Poirier Coutansais.<\/em>\n<\/figcaption>\n    <\/article>\n\n\n<article class=\"misc-separator bloc\">\n    <hr class=\"misc-separator__hr\">\n<\/article>\n\n\n\n<article class=\"text-paragraph bloc\"><div class=\"text-paragraph__content type-text\"><div class=\"text-paragraph__wrapper wrapper typo-scope\"><p class=\"text-paragraph__text p-paragraph style-center gut-hook-text\">DOCUMENTS ANNEXES<\/p><\/div><\/div><\/article>\n\n\n<article class=\"misc-separator bloc\">\n    <hr class=\"misc-separator__hr\">\n<\/article>\n\n\n<article class=\"media-pdf bloc\">\n    <div class=\"media-pdf__content type-pdf\">\n        <div class=\"media-pdf__container\">\n            <div class=\"_df_book\" height=\"500\" source=\"https:\/\/diploma2022.ecolecamondo.fr\/content\/uploads\/2022\/07\/victor-poirier-coutansais_les-caloges-de-noirmoutier_documents-techniques.pdf\">\n                <div class=\"cursor\">\n    <div class=\"cursor__more\"><\/div>\n    <div class=\"cursor__zoom\"><\/div>\n    <div class=\"cursor__hexagon\">\n        <svg width=\"22\" height=\"22\" viewBox=\"0 0 22 22\" fill=\"none\" xmlns=\"http:\/\/www.w3.org\/2000\/svg\">\n        <path class=\"path-main\" d=\"M2.83975 6.28867L11 1.57735L19.1603 6.28867V15.7113L11 20.4227L2.83975 15.7113V6.28867Z\" fill=\"black\" stroke=\"black\"\/>\n        <path class=\"path-second\" d=\"M1.97372 5.78867L11 0.57735L20.0263 5.78867V16.2113L11 21.4227L1.97372 16.2113V5.78867Z\" stroke=\"white\"\/>\n        <\/svg>\n    <\/div>\n<\/div>\n            <\/div>\n        <\/div>\n    <\/div>\n<\/article>\n\n\n<article class=\"media-pdf bloc\">\n    <div class=\"media-pdf__content type-pdf\">\n        <div class=\"media-pdf__container\">\n            <div class=\"_df_book\" height=\"500\" source=\"https:\/\/diploma2022.ecolecamondo.fr\/content\/uploads\/2022\/07\/victor-poirier-coutansais_les-caloges-de-noirmoutier_reportage-photographique.pdf\">\n                <div class=\"cursor\">\n    <div class=\"cursor__more\"><\/div>\n    <div class=\"cursor__zoom\"><\/div>\n    <div class=\"cursor__hexagon\">\n        <svg width=\"22\" height=\"22\" viewBox=\"0 0 22 22\" fill=\"none\" xmlns=\"http:\/\/www.w3.org\/2000\/svg\">\n        <path class=\"path-main\" d=\"M2.83975 6.28867L11 1.57735L19.1603 6.28867V15.7113L11 20.4227L2.83975 15.7113V6.28867Z\" fill=\"black\" stroke=\"black\"\/>\n        <path class=\"path-second\" d=\"M1.97372 5.78867L11 0.57735L20.0263 5.78867V16.2113L11 21.4227L1.97372 16.2113V5.78867Z\" stroke=\"white\"\/>\n        <\/svg>\n    <\/div>\n<\/div>\n            <\/div>\n        <\/div>\n    <\/div>\n<\/article>\n\n\n<article class=\"misc-separator bloc\">\n    <hr class=\"misc-separator__hr\">\n<\/article>\n\n\n\n<article class=\"text-paragraph bloc\"><div class=\"text-paragraph__content type-text\"><div class=\"text-paragraph__wrapper wrapper typo-scope\"><p class=\"text-paragraph__text p-paragraph style-center gut-hook-text\">PHOTOGRAPHIES DE L&#8217;EXPOSITION<\/p><\/div><\/div><\/article>\n\n\n<article class=\"misc-separator bloc\">\n    <hr class=\"misc-separator__hr\">\n<\/article>\n\n\n<article class=\"img-fullscreen bloc\">\n    <div class=\"img-fullscreen__content type-image\">\n        <a href=\"https:\/\/diploma2022.ecolecamondo.fr\/content\/uploads\/2022\/07\/victor-poirier-coutansais_photographie-de-lexposition_2022_3-3500x2500.jpg\" class=\"img-fullscreen__wrapper type-block cursor-more no-cursor-simple function-lightbox\">\n            <img class=\"img-fullscreen__img img-responsive lazy\" data-src=\"https:\/\/diploma2022.ecolecamondo.fr\/content\/uploads\/2022\/07\/victor-poirier-coutansais_photographie-de-lexposition_2022_3-1440x1029.jpg\" data-height=\"3456\" data-width=\"4838\" alt=\"\">\n        <\/a>\n    <\/div>\n        <figcaption class=\"img-fullscreen__legend p-legend style-center typo-scope\">Victor Poirier Coutansais, photographie de l&#8217;exposition, 2022. <em>\u00a9 Victor Poirier Coutansais.<\/em>\n<\/figcaption>\n    <\/article>\n\n\n<article class=\"img-fullscreen bloc\">\n    <div class=\"img-fullscreen__content type-image\">\n        <a href=\"https:\/\/diploma2022.ecolecamondo.fr\/content\/uploads\/2022\/07\/victor-poirier-coutansais_photographie-de-lexposition_2022_4-2500x3500.jpg\" class=\"img-fullscreen__wrapper type-block cursor-more no-cursor-simple function-lightbox\">\n            <img class=\"img-fullscreen__img img-responsive lazy\" data-src=\"https:\/\/diploma2022.ecolecamondo.fr\/content\/uploads\/2022\/07\/victor-poirier-coutansais_photographie-de-lexposition_2022_4-1029x1440.jpg\" data-height=\"4838\" data-width=\"3456\" alt=\"\">\n        <\/a>\n    <\/div>\n        <figcaption class=\"img-fullscreen__legend p-legend style-center typo-scope\">Victor Poirier Coutansais, photographie de l&#8217;exposition, 2022. <em>\u00a9 Victor Poirier Coutansais.<\/em>\n<\/figcaption>\n    <\/article>\n\n\n<article class=\"img-fullscreen bloc\">\n    <div class=\"img-fullscreen__content type-image\">\n        <a href=\"https:\/\/diploma2022.ecolecamondo.fr\/content\/uploads\/2022\/07\/victor-poirier-coutansais_photographie-de-lexposition_2022_2-2500x3500.jpg\" class=\"img-fullscreen__wrapper type-block cursor-more no-cursor-simple function-lightbox\">\n            <img class=\"img-fullscreen__img img-responsive lazy\" data-src=\"https:\/\/diploma2022.ecolecamondo.fr\/content\/uploads\/2022\/07\/victor-poirier-coutansais_photographie-de-lexposition_2022_2-1029x1440.jpg\" data-height=\"4767\" data-width=\"3405\" alt=\"\">\n        <\/a>\n    <\/div>\n        <figcaption class=\"img-fullscreen__legend p-legend style-center typo-scope\">Victor Poirier Coutansais, photographie de l&#8217;exposition, 2022. <em>\u00a9 Victor Poirier Coutansais.<\/em>\n<\/figcaption>\n    <\/article>\n\n\n<article class=\"misc-separator bloc\">\n    <hr class=\"misc-separator__hr\">\n<\/article>\n\n\n\n<article class=\"text-paragraph bloc\"><div class=\"text-paragraph__content type-text\"><div class=\"text-paragraph__wrapper wrapper typo-scope\"><p class=\"text-paragraph__text p-paragraph style-center gut-hook-text\">Merci \u00e0 <br><br>Martine Bedin<br>Nicole et Philippe<br>l\u2019Association des Amis de l\u2019\u00cele de Noirmoutier et sa directrice Lilianne Gibault<br>Clara, David, Nathalie, Cl\u00e9mence et \u00c9ric<\/p><\/div><\/div><\/article>\n","protected":false},"author":56,"featured_media":27266,"template":"","meta":{"_acf_changed":false,"_metafield_presentation":"The current context of demographic and real-estate expansion on the island of Noirmoutier demands a reconsideration of the pre-established understanding of territory. It is no longer a case of building but of restoring, renovating or transforming what already exists. The issue of restoring \u201ccaloges\u201d, small dwellings once used by salt manufacturers on harvesting days, is especially important as it implies adapting the building to new challenges linked to tourism so that it can be preserved, while avoiding excessive building and disturbing the soil. So how can we invent the language of a unique tourism in a place as fragile as the salt marshes of Noirmoutier?","_metafield_image_toggle":true,"_metafield_image_legend":"Victor Poirier Coutansais, Les Caloges de Noirmoutier, 2022, vue d'une caloge 6 personnes. \u00a9 Victor Poirier Coutansais.","_metafield_gallery":[]},"keywords":[26,30,31],"teachers_list_2":[36],"class_list":["post-29604","subject-free","type-subject-free","status-publish","has-post-thumbnail","hentry","keywords-hospitalite","keywords-patrimoine","keywords-rehabilitation","teachers_list_2-martine-bedin"],"acf":[],"yoast_head":"<!-- This site is optimized with the Yoast SEO plugin v27.2 - https:\/\/yoast.com\/product\/yoast-seo-wordpress\/ -->\n<title>The Caloges of Noirmoutier - Diploma Camondo \u00e9dition 2022<\/title>\n<meta name=\"robots\" content=\"index, follow, max-snippet:-1, max-image-preview:large, max-video-preview:-1\" \/>\n<link rel=\"canonical\" href=\"https:\/\/diploma2022.ecolecamondo.fr\/en\/sujet-libre\/victor-poirier-coutansais\/les-caloges-de-noirmoutier\/\" \/>\n<meta property=\"og:locale\" content=\"en_US\" \/>\n<meta property=\"og:type\" content=\"article\" \/>\n<meta property=\"og:title\" content=\"The Caloges of Noirmoutier - Diploma Camondo \u00e9dition 2022\" \/>\n<meta property=\"og:url\" content=\"https:\/\/diploma2022.ecolecamondo.fr\/en\/sujet-libre\/victor-poirier-coutansais\/les-caloges-de-noirmoutier\/\" \/>\n<meta property=\"og:site_name\" content=\"Diploma Camondo \u00e9dition 2022\" \/>\n<meta property=\"article:modified_time\" content=\"2022-10-14T13:54:35+00:00\" \/>\n<meta property=\"og:image\" content=\"https:\/\/diploma2022.ecolecamondo.fr\/content\/uploads\/2022\/07\/victor-poirier-coutansais_les-caloges_caloge-6-personnes_1.jpg\" \/>\n\t<meta property=\"og:image:width\" content=\"2545\" \/>\n\t<meta property=\"og:image:height\" content=\"1800\" \/>\n\t<meta property=\"og:image:type\" content=\"image\/jpeg\" \/>\n<meta name=\"twitter:card\" content=\"summary_large_image\" \/>\n<meta name=\"twitter:label1\" content=\"Est. reading time\" \/>\n\t<meta name=\"twitter:data1\" content=\"4 minutes\" \/>\n<script type=\"application\/ld+json\" class=\"yoast-schema-graph\">{\"@context\":\"https:\/\/schema.org\",\"@graph\":[{\"@type\":\"WebPage\",\"@id\":\"https:\/\/diploma2022.ecolecamondo.fr\/en\/sujet-libre\/victor-poirier-coutansais\/les-caloges-de-noirmoutier\/\",\"url\":\"https:\/\/diploma2022.ecolecamondo.fr\/en\/sujet-libre\/victor-poirier-coutansais\/les-caloges-de-noirmoutier\/\",\"name\":\"The Caloges of Noirmoutier - Diploma Camondo \u00e9dition 2022\",\"isPartOf\":{\"@id\":\"https:\/\/diploma2022.ecolecamondo.fr\/en\/#website\"},\"primaryImageOfPage\":{\"@id\":\"https:\/\/diploma2022.ecolecamondo.fr\/en\/sujet-libre\/victor-poirier-coutansais\/les-caloges-de-noirmoutier\/#primaryimage\"},\"image\":{\"@id\":\"https:\/\/diploma2022.ecolecamondo.fr\/en\/sujet-libre\/victor-poirier-coutansais\/les-caloges-de-noirmoutier\/#primaryimage\"},\"thumbnailUrl\":\"https:\/\/diploma2022.ecolecamondo.fr\/content\/uploads\/2022\/07\/victor-poirier-coutansais_les-caloges_caloge-6-personnes_1.jpg\",\"datePublished\":\"2022-07-17T09:34:47+00:00\",\"dateModified\":\"2022-10-14T13:54:35+00:00\",\"inLanguage\":\"en-US\",\"potentialAction\":[{\"@type\":\"ReadAction\",\"target\":[\"https:\/\/diploma2022.ecolecamondo.fr\/en\/sujet-libre\/victor-poirier-coutansais\/les-caloges-de-noirmoutier\/\"]}]},{\"@type\":\"ImageObject\",\"inLanguage\":\"en-US\",\"@id\":\"https:\/\/diploma2022.ecolecamondo.fr\/en\/sujet-libre\/victor-poirier-coutansais\/les-caloges-de-noirmoutier\/#primaryimage\",\"url\":\"https:\/\/diploma2022.ecolecamondo.fr\/content\/uploads\/2022\/07\/victor-poirier-coutansais_les-caloges_caloge-6-personnes_1.jpg\",\"contentUrl\":\"https:\/\/diploma2022.ecolecamondo.fr\/content\/uploads\/2022\/07\/victor-poirier-coutansais_les-caloges_caloge-6-personnes_1.jpg\",\"width\":2545,\"height\":1800},{\"@type\":\"WebSite\",\"@id\":\"https:\/\/diploma2022.ecolecamondo.fr\/en\/#website\",\"url\":\"https:\/\/diploma2022.ecolecamondo.fr\/en\/\",\"name\":\"Diploma Camondo \u00e9dition 2022\",\"description\":\"Travaux des \u00e9tudiants de 5e ann\u00e9e de l&#039;\u00c9cole Camondo\",\"potentialAction\":[{\"@type\":\"SearchAction\",\"target\":{\"@type\":\"EntryPoint\",\"urlTemplate\":\"https:\/\/diploma2022.ecolecamondo.fr\/en\/?s={search_term_string}\"},\"query-input\":{\"@type\":\"PropertyValueSpecification\",\"valueRequired\":true,\"valueName\":\"search_term_string\"}}],\"inLanguage\":\"en-US\"}]}<\/script>\n<!-- \/ Yoast SEO plugin. -->","yoast_head_json":{"title":"The Caloges of Noirmoutier - Diploma Camondo \u00e9dition 2022","robots":{"index":"index","follow":"follow","max-snippet":"max-snippet:-1","max-image-preview":"max-image-preview:large","max-video-preview":"max-video-preview:-1"},"canonical":"https:\/\/diploma2022.ecolecamondo.fr\/en\/sujet-libre\/victor-poirier-coutansais\/les-caloges-de-noirmoutier\/","og_locale":"en_US","og_type":"article","og_title":"The Caloges of Noirmoutier - Diploma Camondo \u00e9dition 2022","og_url":"https:\/\/diploma2022.ecolecamondo.fr\/en\/sujet-libre\/victor-poirier-coutansais\/les-caloges-de-noirmoutier\/","og_site_name":"Diploma Camondo \u00e9dition 2022","article_modified_time":"2022-10-14T13:54:35+00:00","og_image":[{"width":2545,"height":1800,"url":"https:\/\/diploma2022.ecolecamondo.fr\/content\/uploads\/2022\/07\/victor-poirier-coutansais_les-caloges_caloge-6-personnes_1.jpg","type":"image\/jpeg"}],"twitter_card":"summary_large_image","twitter_misc":{"Est. reading time":"4 minutes"},"schema":{"@context":"https:\/\/schema.org","@graph":[{"@type":"WebPage","@id":"https:\/\/diploma2022.ecolecamondo.fr\/en\/sujet-libre\/victor-poirier-coutansais\/les-caloges-de-noirmoutier\/","url":"https:\/\/diploma2022.ecolecamondo.fr\/en\/sujet-libre\/victor-poirier-coutansais\/les-caloges-de-noirmoutier\/","name":"The Caloges of Noirmoutier - Diploma Camondo \u00e9dition 2022","isPartOf":{"@id":"https:\/\/diploma2022.ecolecamondo.fr\/en\/#website"},"primaryImageOfPage":{"@id":"https:\/\/diploma2022.ecolecamondo.fr\/en\/sujet-libre\/victor-poirier-coutansais\/les-caloges-de-noirmoutier\/#primaryimage"},"image":{"@id":"https:\/\/diploma2022.ecolecamondo.fr\/en\/sujet-libre\/victor-poirier-coutansais\/les-caloges-de-noirmoutier\/#primaryimage"},"thumbnailUrl":"https:\/\/diploma2022.ecolecamondo.fr\/content\/uploads\/2022\/07\/victor-poirier-coutansais_les-caloges_caloge-6-personnes_1.jpg","datePublished":"2022-07-17T09:34:47+00:00","dateModified":"2022-10-14T13:54:35+00:00","inLanguage":"en-US","potentialAction":[{"@type":"ReadAction","target":["https:\/\/diploma2022.ecolecamondo.fr\/en\/sujet-libre\/victor-poirier-coutansais\/les-caloges-de-noirmoutier\/"]}]},{"@type":"ImageObject","inLanguage":"en-US","@id":"https:\/\/diploma2022.ecolecamondo.fr\/en\/sujet-libre\/victor-poirier-coutansais\/les-caloges-de-noirmoutier\/#primaryimage","url":"https:\/\/diploma2022.ecolecamondo.fr\/content\/uploads\/2022\/07\/victor-poirier-coutansais_les-caloges_caloge-6-personnes_1.jpg","contentUrl":"https:\/\/diploma2022.ecolecamondo.fr\/content\/uploads\/2022\/07\/victor-poirier-coutansais_les-caloges_caloge-6-personnes_1.jpg","width":2545,"height":1800},{"@type":"WebSite","@id":"https:\/\/diploma2022.ecolecamondo.fr\/en\/#website","url":"https:\/\/diploma2022.ecolecamondo.fr\/en\/","name":"Diploma Camondo \u00e9dition 2022","description":"Travaux des \u00e9tudiants de 5e ann\u00e9e de l&#039;\u00c9cole Camondo","potentialAction":[{"@type":"SearchAction","target":{"@type":"EntryPoint","urlTemplate":"https:\/\/diploma2022.ecolecamondo.fr\/en\/?s={search_term_string}"},"query-input":{"@type":"PropertyValueSpecification","valueRequired":true,"valueName":"search_term_string"}}],"inLanguage":"en-US"}]}},"_links":{"self":[{"href":"https:\/\/diploma2022.ecolecamondo.fr\/en\/wp-json\/wp\/v2\/subject-free\/29604","targetHints":{"allow":["GET"]}}],"collection":[{"href":"https:\/\/diploma2022.ecolecamondo.fr\/en\/wp-json\/wp\/v2\/subject-free"}],"about":[{"href":"https:\/\/diploma2022.ecolecamondo.fr\/en\/wp-json\/wp\/v2\/types\/subject-free"}],"author":[{"embeddable":true,"href":"https:\/\/diploma2022.ecolecamondo.fr\/en\/wp-json\/wp\/v2\/users\/56"}],"wp:featuredmedia":[{"embeddable":true,"href":"https:\/\/diploma2022.ecolecamondo.fr\/en\/wp-json\/wp\/v2\/media\/27266"}],"wp:attachment":[{"href":"https:\/\/diploma2022.ecolecamondo.fr\/en\/wp-json\/wp\/v2\/media?parent=29604"}],"wp:term":[{"taxonomy":"keywords","embeddable":true,"href":"https:\/\/diploma2022.ecolecamondo.fr\/en\/wp-json\/wp\/v2\/keywords?post=29604"},{"taxonomy":"teachers_list_2","embeddable":true,"href":"https:\/\/diploma2022.ecolecamondo.fr\/en\/wp-json\/wp\/v2\/teachers_list_2?post=29604"}],"curies":[{"name":"wp","href":"https:\/\/api.w.org\/{rel}","templated":true}]}}