{"id":29617,"date":"2022-07-14T12:35:07","date_gmt":"2022-07-14T10:35:07","guid":{"rendered":"https:\/\/diploma2022.ecolecamondo.fr\/sujet-libre\/barbara-fonteneau\/residence-du-bassin-lhabitat-intergenerationnel\/"},"modified":"2022-10-14T17:25:38","modified_gmt":"2022-10-14T15:25:38","slug":"residence-du-bassin-lhabitat-intergenerationnel","status":"publish","type":"subject-free","link":"https:\/\/diploma2022.ecolecamondo.fr\/en\/sujet-libre\/barbara-fonteneau\/residence-du-bassin-lhabitat-intergenerationnel\/","title":{"rendered":"R\u00e9sidence du Bassin &#8211; The intergenerational home"},"content":{"rendered":"\n<article class=\"text-paragraph bloc\"><div class=\"text-paragraph__content type-text\"><div class=\"text-paragraph__wrapper wrapper typo-scope\"><p class=\"text-paragraph__text p-paragraph style-center gut-hook-text\">La R\u00e9sidence du Bassin est un habitat interg\u00e9n\u00e9rationnel situ\u00e9 dans le Sud-Ouest, \u00e0 Arcachon. C\u2019est un lieu d\u2019habitation, d\u2019entraide et de partage en collaboration avec la municipalit\u00e9. Ce lieu r\u00e9pond \u00e0 la double probl\u00e9matique de la ville : lutter contre l\u2019isolement des Arcachonnais et recr\u00e9er du lien entre les jeunes et les s\u00e9niors.<\/p><\/div><\/div><\/article>\n\n\n<article class=\"misc-separator bloc\">\n    <hr class=\"misc-separator__hr\">\n<\/article>\n\n\n\n<article class=\"text-paragraph bloc\"><div class=\"text-paragraph__content type-text\"><div class=\"text-paragraph__wrapper wrapper typo-scope\"><p class=\"text-paragraph__text p-paragraph style-center gut-hook-text\">Les r\u00e9sidents de diff\u00e9rentes g\u00e9n\u00e9rations habitent sous le m\u00eame toit. Afin de respecter la vie priv\u00e9e de chacun, le vocabulaire architectural a \u00e9t\u00e9 r\u00e9invent\u00e9. Dans chaque appartement, les locataires franchissent des zones, de la plus commune \u00e0 la plus priv\u00e9e. L&#8217;entr\u00e9e se fait par le tronc, puis par le familier et se finit par l&#8217;intimit\u00e9.<\/p><\/div><\/div><\/article>\n\n\n<article class=\"img-fullscreen bloc\">\n    <div class=\"img-fullscreen__content type-image\">\n        <a href=\"https:\/\/diploma2022.ecolecamondo.fr\/content\/uploads\/2022\/07\/capture-decran-2022-07-14-a-11.52.14.png\" class=\"img-fullscreen__wrapper type-block cursor-more no-cursor-simple function-lightbox\">\n            <img class=\"img-fullscreen__img img-responsive lazy\" data-src=\"https:\/\/diploma2022.ecolecamondo.fr\/content\/uploads\/2022\/07\/capture-decran-2022-07-14-a-11.52.14-1440x582.png\" data-height=\"1328\" data-width=\"3286\" alt=\"\">\n        <\/a>\n    <\/div>\n    <\/article>\n\n\n<article class=\"img-fullscreen bloc\">\n    <div class=\"img-fullscreen__content type-image\">\n        <a href=\"https:\/\/diploma2022.ecolecamondo.fr\/content\/uploads\/2022\/07\/capture-decran-2022-07-14-a-12.02.25.png\" class=\"img-fullscreen__wrapper type-block cursor-more no-cursor-simple function-lightbox\">\n            <img class=\"img-fullscreen__img img-responsive lazy\" data-src=\"https:\/\/diploma2022.ecolecamondo.fr\/content\/uploads\/2022\/07\/capture-decran-2022-07-14-a-12.02.25-1440x772.png\" data-height=\"1414\" data-width=\"2638\" alt=\"\">\n        <\/a>\n    <\/div>\n    <\/article>\n\n\n\n<article class=\"text-paragraph bloc\"><div class=\"text-paragraph__content type-text\"><div class=\"text-paragraph__wrapper wrapper typo-scope\"><p class=\"text-paragraph__text p-paragraph style-center gut-hook-text\">Deux mobiliers sur-mesure ont \u00e9t\u00e9 pens\u00e9s pour s\u00e9parer &#8220;le tronc&#8221; et &#8220;le familier&#8221; de chaque appartement. Ils sont utilis\u00e9s comme cuisine et salon, tout deux adapt\u00e9s pour les enfants, les adultes et les personnes handicap\u00e9es.<\/p><\/div><\/div><\/article>\n\n\n<article class=\"img-fullscreen bloc\">\n    <div class=\"img-fullscreen__content type-image\">\n        <a href=\"https:\/\/diploma2022.ecolecamondo.fr\/content\/uploads\/2022\/07\/capture-decran-2022-07-14-a-12.03.46.png\" class=\"img-fullscreen__wrapper type-block cursor-more no-cursor-simple function-lightbox\">\n            <img class=\"img-fullscreen__img img-responsive lazy\" data-src=\"https:\/\/diploma2022.ecolecamondo.fr\/content\/uploads\/2022\/07\/capture-decran-2022-07-14-a-12.03.46-1440x899.png\" data-height=\"1420\" data-width=\"2274\" alt=\"\">\n        <\/a>\n    <\/div>\n    <\/article>\n\n\n<article class=\"img-fullscreen bloc\">\n    <div class=\"img-fullscreen__content type-image\">\n        <a href=\"https:\/\/diploma2022.ecolecamondo.fr\/content\/uploads\/2022\/07\/capture-decran-2022-07-14-a-12.04.02.png\" class=\"img-fullscreen__wrapper type-block cursor-more no-cursor-simple function-lightbox\">\n            <img class=\"img-fullscreen__img img-responsive lazy\" data-src=\"https:\/\/diploma2022.ecolecamondo.fr\/content\/uploads\/2022\/07\/capture-decran-2022-07-14-a-12.04.02-1440x901.png\" data-height=\"1378\" data-width=\"2202\" alt=\"\">\n        <\/a>\n    <\/div>\n    <\/article>\n\n\n<article class=\"img-fullscreen bloc\">\n    <div class=\"img-fullscreen__content type-image\">\n        <a href=\"https:\/\/diploma2022.ecolecamondo.fr\/content\/uploads\/2022\/07\/bj5a8789-3500x2333.jpg\" class=\"img-fullscreen__wrapper type-block cursor-more no-cursor-simple function-lightbox\">\n            <img class=\"img-fullscreen__img img-responsive lazy\" data-src=\"https:\/\/diploma2022.ecolecamondo.fr\/content\/uploads\/2022\/07\/bj5a8789-1440x960.jpg\" data-height=\"3840\" data-width=\"5760\" alt=\"\">\n        <\/a>\n    <\/div>\n    <\/article>\n\n\n\n<article class=\"text-paragraph bloc\"><div class=\"text-paragraph__content type-text\"><div class=\"text-paragraph__wrapper wrapper typo-scope\"><p class=\"text-paragraph__text p-paragraph style-center gut-hook-text\">Cet habitat interg\u00e9n\u00e9rationnel est bas\u00e9 sous le signe de l\u2019entraide. La charte sign\u00e9e d\u00e8s l\u2019int\u00e9gration dans la r\u00e9sidence mentionne la solidarit\u00e9 entre les locataires. Chaque r\u00e9sident se voit attribuer un r\u00f4le d\u00e8s son entr\u00e9e afin que le projet prenne vie.<\/p><\/div><\/div><\/article>\n\n\n<article class=\"img-fullscreen bloc\">\n    <div class=\"img-fullscreen__content type-image\">\n        <a href=\"https:\/\/diploma2022.ecolecamondo.fr\/content\/uploads\/2022\/07\/capture-decran-2022-07-14-a-12.09.14.png\" class=\"img-fullscreen__wrapper type-block cursor-more no-cursor-simple function-lightbox\">\n            <img class=\"img-fullscreen__img img-responsive lazy\" data-src=\"https:\/\/diploma2022.ecolecamondo.fr\/content\/uploads\/2022\/07\/capture-decran-2022-07-14-a-12.09.14-1440x689.png\" data-height=\"1054\" data-width=\"2202\" alt=\"\">\n        <\/a>\n    <\/div>\n    <\/article>\n\n\n\n<article class=\"text-paragraph bloc\"><div class=\"text-paragraph__content type-text\"><div class=\"text-paragraph__wrapper wrapper typo-scope\"><p class=\"text-paragraph__text p-paragraph style-center gut-hook-text\">L&#8217;\u00e9tablissement est compos\u00e9 d&#8217;espaces communs. Les locataires peuvent partager et \u00e9changer en dehors de leurs appartements. Diff\u00e9rentes typologies d&#8217;espaces sont propos\u00e9es pour r\u00e9pondre \u00e0 tous les besoins des r\u00e9sidents. L&#8217;atelier \u00e9ph\u00e9m\u00e8re offre de multiples activit\u00e9s au cours de l&#8217;ann\u00e9e, en plus de celles d\u00e9j\u00e0 pr\u00e9sentes sur les lieux.<\/p><\/div><\/div><\/article>\n\n\n<article class=\"img-fullscreen bloc\">\n    <div class=\"img-fullscreen__content type-image\">\n        <a href=\"https:\/\/diploma2022.ecolecamondo.fr\/content\/uploads\/2022\/07\/capture-decran-2022-07-14-a-12.15.05.png\" class=\"img-fullscreen__wrapper type-block cursor-more no-cursor-simple function-lightbox\">\n            <img class=\"img-fullscreen__img img-responsive lazy\" data-src=\"https:\/\/diploma2022.ecolecamondo.fr\/content\/uploads\/2022\/07\/capture-decran-2022-07-14-a-12.15.05-1440x1404.png\" data-height=\"2028\" data-width=\"2080\" alt=\"\">\n        <\/a>\n    <\/div>\n    <\/article>\n\n\n<article class=\"img-fullscreen bloc\">\n    <div class=\"img-fullscreen__content type-image\">\n        <a href=\"https:\/\/diploma2022.ecolecamondo.fr\/content\/uploads\/2022\/07\/visuel-bibliotheque-copie-3500x2376.jpg\" class=\"img-fullscreen__wrapper type-block cursor-more no-cursor-simple function-lightbox\">\n            <img class=\"img-fullscreen__img img-responsive lazy\" data-src=\"https:\/\/diploma2022.ecolecamondo.fr\/content\/uploads\/2022\/07\/visuel-bibliotheque-copie-1440x978.jpg\" data-height=\"3293\" data-width=\"4850\" alt=\"\">\n        <\/a>\n    <\/div>\n    <\/article>\n\n\n<article class=\"media-pdf bloc\">\n    <div class=\"media-pdf__content type-pdf\">\n        <div class=\"media-pdf__container\">\n            <div class=\"_df_book\" height=\"500\" source=\"https:\/\/diploma2022.ecolecamondo.fr\/content\/uploads\/2022\/07\/impressions-facades.pdf\">\n                <div class=\"cursor\">\n    <div class=\"cursor__more\"><\/div>\n    <div class=\"cursor__zoom\"><\/div>\n    <div class=\"cursor__hexagon\">\n        <svg width=\"22\" height=\"22\" viewBox=\"0 0 22 22\" fill=\"none\" xmlns=\"http:\/\/www.w3.org\/2000\/svg\">\n        <path class=\"path-main\" d=\"M2.83975 6.28867L11 1.57735L19.1603 6.28867V15.7113L11 20.4227L2.83975 15.7113V6.28867Z\" fill=\"black\" stroke=\"black\"\/>\n        <path class=\"path-second\" d=\"M1.97372 5.78867L11 0.57735L20.0263 5.78867V16.2113L11 21.4227L1.97372 16.2113V5.78867Z\" stroke=\"white\"\/>\n        <\/svg>\n    <\/div>\n<\/div>\n            <\/div>\n        <\/div>\n    <\/div>\n<\/article>\n","protected":false},"author":68,"featured_media":27027,"template":"","meta":{"_acf_changed":false,"_metafield_presentation":"The R\u00e9sidence du Bassin is located in Arcachon, in South-West France. The project includes a social dimension. It aims to bring different generations together under one roof to combat loneliness and promote mutual support based on each person\u2019s availability. This project falls within Arcachon\u2019s policy, which seeks to bring older and younger people together. This intergenerational home offers shared residences where some thirty people of different generations will cohabit, as well as common spaces that will make connections between residents. The architecture and furniture have been redesigned to adapt to all users, while making a distinction between the private and the shared.","_metafield_image_toggle":false,"_metafield_image_legend":"","_metafield_gallery":[]},"keywords":[32,18,31],"teachers_list_2":[35],"class_list":["post-29617","subject-free","type-subject-free","status-publish","has-post-thumbnail","hentry","keywords-prendre-soin","keywords-questions-societales-engagement-social","keywords-rehabilitation","teachers_list_2-jean-baptiste-auvray"],"acf":[],"yoast_head":"<!-- This site is optimized with the Yoast SEO plugin v27.2 - https:\/\/yoast.com\/product\/yoast-seo-wordpress\/ -->\n<title>R\u00e9sidence du Bassin - The intergenerational home - Diploma Camondo \u00e9dition 2022<\/title>\n<meta name=\"robots\" content=\"index, follow, max-snippet:-1, max-image-preview:large, max-video-preview:-1\" \/>\n<link rel=\"canonical\" href=\"https:\/\/diploma2022.ecolecamondo.fr\/en\/sujet-libre\/barbara-fonteneau\/residence-du-bassin-lhabitat-intergenerationnel\/\" \/>\n<meta property=\"og:locale\" content=\"en_US\" \/>\n<meta property=\"og:type\" content=\"article\" \/>\n<meta property=\"og:title\" content=\"R\u00e9sidence du Bassin - The intergenerational home - Diploma Camondo \u00e9dition 2022\" \/>\n<meta property=\"og:url\" content=\"https:\/\/diploma2022.ecolecamondo.fr\/en\/sujet-libre\/barbara-fonteneau\/residence-du-bassin-lhabitat-intergenerationnel\/\" \/>\n<meta property=\"og:site_name\" content=\"Diploma Camondo \u00e9dition 2022\" \/>\n<meta property=\"article:modified_time\" content=\"2022-10-14T15:25:38+00:00\" \/>\n<meta property=\"og:image\" content=\"https:\/\/diploma2022.ecolecamondo.fr\/content\/uploads\/2022\/07\/visuel-exterieur-lumineux-.jpg\" \/>\n\t<meta property=\"og:image:width\" content=\"1024\" \/>\n\t<meta property=\"og:image:height\" content=\"724\" \/>\n\t<meta property=\"og:image:type\" content=\"image\/jpeg\" \/>\n<meta name=\"twitter:card\" content=\"summary_large_image\" \/>\n<meta name=\"twitter:label1\" content=\"Est. reading time\" \/>\n\t<meta name=\"twitter:data1\" content=\"1 minute\" \/>\n<script type=\"application\/ld+json\" class=\"yoast-schema-graph\">{\"@context\":\"https:\/\/schema.org\",\"@graph\":[{\"@type\":\"WebPage\",\"@id\":\"https:\/\/diploma2022.ecolecamondo.fr\/en\/sujet-libre\/barbara-fonteneau\/residence-du-bassin-lhabitat-intergenerationnel\/\",\"url\":\"https:\/\/diploma2022.ecolecamondo.fr\/en\/sujet-libre\/barbara-fonteneau\/residence-du-bassin-lhabitat-intergenerationnel\/\",\"name\":\"R\u00e9sidence du Bassin - The intergenerational home - Diploma Camondo \u00e9dition 2022\",\"isPartOf\":{\"@id\":\"https:\/\/diploma2022.ecolecamondo.fr\/en\/#website\"},\"primaryImageOfPage\":{\"@id\":\"https:\/\/diploma2022.ecolecamondo.fr\/en\/sujet-libre\/barbara-fonteneau\/residence-du-bassin-lhabitat-intergenerationnel\/#primaryimage\"},\"image\":{\"@id\":\"https:\/\/diploma2022.ecolecamondo.fr\/en\/sujet-libre\/barbara-fonteneau\/residence-du-bassin-lhabitat-intergenerationnel\/#primaryimage\"},\"thumbnailUrl\":\"https:\/\/diploma2022.ecolecamondo.fr\/content\/uploads\/2022\/07\/visuel-exterieur-lumineux-.jpg\",\"datePublished\":\"2022-07-14T10:35:07+00:00\",\"dateModified\":\"2022-10-14T15:25:38+00:00\",\"inLanguage\":\"en-US\",\"potentialAction\":[{\"@type\":\"ReadAction\",\"target\":[\"https:\/\/diploma2022.ecolecamondo.fr\/en\/sujet-libre\/barbara-fonteneau\/residence-du-bassin-lhabitat-intergenerationnel\/\"]}]},{\"@type\":\"ImageObject\",\"inLanguage\":\"en-US\",\"@id\":\"https:\/\/diploma2022.ecolecamondo.fr\/en\/sujet-libre\/barbara-fonteneau\/residence-du-bassin-lhabitat-intergenerationnel\/#primaryimage\",\"url\":\"https:\/\/diploma2022.ecolecamondo.fr\/content\/uploads\/2022\/07\/visuel-exterieur-lumineux-.jpg\",\"contentUrl\":\"https:\/\/diploma2022.ecolecamondo.fr\/content\/uploads\/2022\/07\/visuel-exterieur-lumineux-.jpg\",\"width\":4961,\"height\":3508},{\"@type\":\"WebSite\",\"@id\":\"https:\/\/diploma2022.ecolecamondo.fr\/en\/#website\",\"url\":\"https:\/\/diploma2022.ecolecamondo.fr\/en\/\",\"name\":\"Diploma Camondo \u00e9dition 2022\",\"description\":\"Travaux des \u00e9tudiants de 5e ann\u00e9e de l&#039;\u00c9cole Camondo\",\"potentialAction\":[{\"@type\":\"SearchAction\",\"target\":{\"@type\":\"EntryPoint\",\"urlTemplate\":\"https:\/\/diploma2022.ecolecamondo.fr\/en\/?s={search_term_string}\"},\"query-input\":{\"@type\":\"PropertyValueSpecification\",\"valueRequired\":true,\"valueName\":\"search_term_string\"}}],\"inLanguage\":\"en-US\"}]}<\/script>\n<!-- \/ Yoast SEO plugin. -->","yoast_head_json":{"title":"R\u00e9sidence du Bassin - The intergenerational home - Diploma Camondo \u00e9dition 2022","robots":{"index":"index","follow":"follow","max-snippet":"max-snippet:-1","max-image-preview":"max-image-preview:large","max-video-preview":"max-video-preview:-1"},"canonical":"https:\/\/diploma2022.ecolecamondo.fr\/en\/sujet-libre\/barbara-fonteneau\/residence-du-bassin-lhabitat-intergenerationnel\/","og_locale":"en_US","og_type":"article","og_title":"R\u00e9sidence du Bassin - The intergenerational home - Diploma Camondo \u00e9dition 2022","og_url":"https:\/\/diploma2022.ecolecamondo.fr\/en\/sujet-libre\/barbara-fonteneau\/residence-du-bassin-lhabitat-intergenerationnel\/","og_site_name":"Diploma Camondo \u00e9dition 2022","article_modified_time":"2022-10-14T15:25:38+00:00","og_image":[{"url":"https:\/\/diploma2022.ecolecamondo.fr\/content\/uploads\/2022\/07\/visuel-exterieur-lumineux-.jpg","width":1024,"height":724,"type":"image\/jpeg"}],"twitter_card":"summary_large_image","twitter_misc":{"Est. reading time":"1 minute"},"schema":{"@context":"https:\/\/schema.org","@graph":[{"@type":"WebPage","@id":"https:\/\/diploma2022.ecolecamondo.fr\/en\/sujet-libre\/barbara-fonteneau\/residence-du-bassin-lhabitat-intergenerationnel\/","url":"https:\/\/diploma2022.ecolecamondo.fr\/en\/sujet-libre\/barbara-fonteneau\/residence-du-bassin-lhabitat-intergenerationnel\/","name":"R\u00e9sidence du Bassin - The intergenerational home - Diploma Camondo \u00e9dition 2022","isPartOf":{"@id":"https:\/\/diploma2022.ecolecamondo.fr\/en\/#website"},"primaryImageOfPage":{"@id":"https:\/\/diploma2022.ecolecamondo.fr\/en\/sujet-libre\/barbara-fonteneau\/residence-du-bassin-lhabitat-intergenerationnel\/#primaryimage"},"image":{"@id":"https:\/\/diploma2022.ecolecamondo.fr\/en\/sujet-libre\/barbara-fonteneau\/residence-du-bassin-lhabitat-intergenerationnel\/#primaryimage"},"thumbnailUrl":"https:\/\/diploma2022.ecolecamondo.fr\/content\/uploads\/2022\/07\/visuel-exterieur-lumineux-.jpg","datePublished":"2022-07-14T10:35:07+00:00","dateModified":"2022-10-14T15:25:38+00:00","inLanguage":"en-US","potentialAction":[{"@type":"ReadAction","target":["https:\/\/diploma2022.ecolecamondo.fr\/en\/sujet-libre\/barbara-fonteneau\/residence-du-bassin-lhabitat-intergenerationnel\/"]}]},{"@type":"ImageObject","inLanguage":"en-US","@id":"https:\/\/diploma2022.ecolecamondo.fr\/en\/sujet-libre\/barbara-fonteneau\/residence-du-bassin-lhabitat-intergenerationnel\/#primaryimage","url":"https:\/\/diploma2022.ecolecamondo.fr\/content\/uploads\/2022\/07\/visuel-exterieur-lumineux-.jpg","contentUrl":"https:\/\/diploma2022.ecolecamondo.fr\/content\/uploads\/2022\/07\/visuel-exterieur-lumineux-.jpg","width":4961,"height":3508},{"@type":"WebSite","@id":"https:\/\/diploma2022.ecolecamondo.fr\/en\/#website","url":"https:\/\/diploma2022.ecolecamondo.fr\/en\/","name":"Diploma Camondo \u00e9dition 2022","description":"Travaux des \u00e9tudiants de 5e ann\u00e9e de l&#039;\u00c9cole Camondo","potentialAction":[{"@type":"SearchAction","target":{"@type":"EntryPoint","urlTemplate":"https:\/\/diploma2022.ecolecamondo.fr\/en\/?s={search_term_string}"},"query-input":{"@type":"PropertyValueSpecification","valueRequired":true,"valueName":"search_term_string"}}],"inLanguage":"en-US"}]}},"_links":{"self":[{"href":"https:\/\/diploma2022.ecolecamondo.fr\/en\/wp-json\/wp\/v2\/subject-free\/29617","targetHints":{"allow":["GET"]}}],"collection":[{"href":"https:\/\/diploma2022.ecolecamondo.fr\/en\/wp-json\/wp\/v2\/subject-free"}],"about":[{"href":"https:\/\/diploma2022.ecolecamondo.fr\/en\/wp-json\/wp\/v2\/types\/subject-free"}],"author":[{"embeddable":true,"href":"https:\/\/diploma2022.ecolecamondo.fr\/en\/wp-json\/wp\/v2\/users\/68"}],"wp:featuredmedia":[{"embeddable":true,"href":"https:\/\/diploma2022.ecolecamondo.fr\/en\/wp-json\/wp\/v2\/media\/27027"}],"wp:attachment":[{"href":"https:\/\/diploma2022.ecolecamondo.fr\/en\/wp-json\/wp\/v2\/media?parent=29617"}],"wp:term":[{"taxonomy":"keywords","embeddable":true,"href":"https:\/\/diploma2022.ecolecamondo.fr\/en\/wp-json\/wp\/v2\/keywords?post=29617"},{"taxonomy":"teachers_list_2","embeddable":true,"href":"https:\/\/diploma2022.ecolecamondo.fr\/en\/wp-json\/wp\/v2\/teachers_list_2?post=29617"}],"curies":[{"name":"wp","href":"https:\/\/api.w.org\/{rel}","templated":true}]}}